{"id":304,"date":"2021-11-03T14:48:23","date_gmt":"2021-11-03T13:48:23","guid":{"rendered":"https:\/\/www.arthrogrypose.fr\/p\/?page_id=304"},"modified":"2026-01-13T16:42:10","modified_gmt":"2026-01-13T15:42:10","slug":"rencontres-echanges-arthrogrypose","status":"publish","type":"page","link":"https:\/\/www.arthrogrypose.fr\/p\/rencontres-echanges-arthrogrypose\/","title":{"rendered":"Rencontres nationales"},"content":{"rendered":"\n<figure class=\"wp-block-image size-large\"><img loading=\"lazy\" decoding=\"async\" width=\"1024\" height=\"576\" src=\"https:\/\/www.arthrogrypose.fr\/p\/wp-content\/uploads\/2021\/11\/images5266-1024x576.jpg\" alt=\"Conversations\" class=\"wp-image-474\"\/><\/figure>\n\n\n\n<p>Depuis sa cr\u00e9ation, l&rsquo;association organise un \u00ab\u00a0<strong>week-end rencontre et r\u00e9pit<\/strong>\u00a0\u00bb de 49h ( vendredi 14h au dimanche 14h ) le week-end des vacances de la Toussaint. Le lieu change d&rsquo;une ann\u00e9e sur l&rsquo;autre, comme le montre cette carte. En cliquant sur l&rsquo;\u00e9tiquette, vous pouvez retrouver les informations publiques du WE et aussi les informations priv\u00e9es dans l&rsquo;espace membre ( photos, r\u00e9cits, documents, AG&#8230; ).<\/p>\n\n\n<style type=\"text\/css\" id=\"umsMapStyles_2_82493\">\r\n    #ultimate_maps_2_82493 {\r\n        width: 100%;\r\n        height: 700px;\r\n                border: 0px solid ;\r\n        margin: 0px;\r\n    }\r\n    #mapsControlsNum_2_82493 {\r\n        width:100%    }\r\n    .umsMapDetailsContainer#umsMapDetailsContainer_2_82493 {\r\n        height:700px;\r\n    }\r\n    .ums_MapPreview#ultimate_maps_2_82493 {\r\n        \/*position:absolute;*\/\r\n        width:100%;\r\n    }\r\n    #mapConElem_2_82493{\r\n        width:100%    }\r\n    <\/style><div class=\"ums_map_opts\" id=\"mapConElem_2_82493\" data-id=\"2\" data-view-id=\"2_82493\" > <div class=\"umsMapDetailsContainer\" id=\"umsMapDetailsContainer_2_82493\"> <i class=\"umsKMLLayersPreloader fa fa-spinner fa-spin\" aria-hidden=\"true\" style=\"display: none;\"><\/i> <div class=\"ums_MapPreview \" id=\"ultimate_maps_2_82493\"><\/div> <\/div> <div class=\"umsMapMarkerFilters\" id=\"umsMapMarkerFilters_2_82493\"> <\/div> <div class=\"umsMapProControlsCon\" id=\"umsMapProControlsCon_2_82493\"> <a title=\"WordPress Google Maps Plugin\" style=\"display:none;\" href=\"https:\/\/supsystic.com\/plugins\/google-maps-plugin\/?utm_medium=love_link_hide\" target=\"_blank\">WordPress Google Maps Plugin<\/a><div style=\"clear: both;\"><\/div> <\/div> <div class=\"umsMapProDirectionsCon\" id=\"umsMapProDirectionsCon_2_82493\" > <\/div> <div class=\"umsMapProKmlFilterCon\" id=\"umsMapProKmlFilterCon_2_82493\" > <\/div> <div class=\"umsSocialSharingShell umsSocialSharingShell_2_82493\"> <\/div> <div style=\"clear: both;\"><\/div> <\/div>\n\n\n\n<p><\/p>\n\n\n\n<figure class=\"wp-block-image size-large\" id=\"we\"><img loading=\"lazy\" decoding=\"async\" width=\"1024\" height=\"577\" src=\"https:\/\/www.arthrogrypose.fr\/p\/wp-content\/uploads\/2025\/10\/2026-mascote-lathus-169.HD1080-1024x577.jpg\" alt=\"\" class=\"wp-image-2706\" srcset=\"https:\/\/www.arthrogrypose.fr\/p\/wp-content\/uploads\/2025\/10\/2026-mascote-lathus-169.HD1080-980x552.jpg 980w, https:\/\/www.arthrogrypose.fr\/p\/wp-content\/uploads\/2025\/10\/2026-mascote-lathus-169.HD1080-480x270.jpg 480w\" sizes=\"(min-width: 0px) and (max-width: 480px) 480px, (min-width: 481px) and (max-width: 980px) 980px, (min-width: 981px) 1024px, 100vw\" \/><\/figure>\n\n\n\n<p class=\"has-text-align-center noJustify\"><em>Rencontre 2026 \u00e0 Lathus-Saint-R\u00e9my en Poitou   !<\/em><br>version : <a href=\"https:\/\/www.arthrogrypose.fr\/p\/wp-content\/uploads\/2025\/10\/2026-mascote-lathus-A4.pdf\">affiche A4 PDF<\/a><\/p>\n\n\n\n<p>&nbsp;<\/p>\n\n\n\n<details class=\"wp-block-jvm-details-summary\"><summary><h2>Pourquoi venir au Week-end AAA ?<\/h2><\/summary><div>\n<ul class=\"wp-block-list\">\n<li>Le week-end est un rare moment o\u00f9 l&rsquo;on peut <strong>porter son arthrogrypose de mani\u00e8re d\u00e9contract\u00e9e<\/strong> : nous sommes tous concern\u00e9s.<\/li>\n\n\n\n<li>C&rsquo;est un moment d&rsquo;\u00e9changes formels et informels, qui permettent \u00e0 chacun de se <strong>projeter dans l&rsquo;\u00e9tape suivante de sa vie<\/strong>. C&rsquo;est un moment de convivialit\u00e9 qui fait du bien \u00e0 tous les membres de la famille, parents, fr\u00e8res, s\u0153urs, et m\u00eame la famille \u00e9largie aux grand-parents qui s&rsquo;inqui\u00e8tent pour leur petit-enfant.<\/li>\n\n\n\n<li>Un <strong>taux de satisfaction \u00e0 99,91%<\/strong> : en 16 week-ends r\u00e9unissant de 50 \u00e0 100 personnes, nous n&rsquo;avons rencontr\u00e9 qu&rsquo;une seule personne qui s&rsquo;est montr\u00e9e n\u00e9gative lors de notre week-end. Autant dire que nous m\u00e9ritons notre notation AAA.<\/li>\n\n\n\n<li>Voici quelques r\u00e9flexions d&rsquo;adultes ou d&rsquo;enfants, suite \u00e0 leur week-end :\n<ul class=\"wp-block-list\">\n<li>Pendant 3 jours, j&rsquo;ai \u00e9t\u00e9 en vacances de ma maladie (10 ans)<\/li>\n\n\n\n<li>Enfin, je ne vais pas devoir expliquer ma maladie, je suis comme tout le monde ici (Laura, ado, 2016)<\/li>\n\n\n\n<li>Une bonne ambiance avec des personnes sinc\u00e8res (Pauline 22 ans, 2017)<\/li>\n\n\n\n<li>Ma crainte \u00e9tait d&rsquo;arriver dans un univers larmoyant et revendicatif, ce fut tout le contraire (2018)<\/li>\n\n\n\n<li>Tr\u00e8s vite, je me suis sentie \u00e0 l&rsquo;aise et ma peur s&rsquo;est envol\u00e9e ; ma plus grande surprise: l&rsquo;approche chaleureuse et l&rsquo;\u00e9coute des m\u00e9decins (Marine 30 ans, 2018)<\/li>\n\n\n\n<li>Ce WE m&rsquo;a aussi permis de reparler de la maladie avec ma famille, chose que je n&rsquo;avais jamais vraiment faite (Gr\u00e9gory 41 ans, 2018)<\/li>\n\n\n\n<li>Nous n&rsquo;avons plus peur de cette maladie (Jeanne, maman, 2018)<\/li>\n\n\n\n<li>Pouvoir \u00e9changer donne beaucoup de force et rompt le sentiment d&rsquo;isolement (Brice 32 ans, 2019)<\/li>\n\n\n\n<li>Ces rencontres permettent de redonner de l&rsquo;\u00e9nergie pour ce combat quotidien (Marc et \u00c9milie parents, 2019)<\/li>\n\n\n\n<li>Ce WE, \u00e7a m&rsquo;a effac\u00e9 ma diff\u00e9rence ; pour moi, aucune personne n&rsquo;avait tant de difficult\u00e9s que \u00e7a (L\u00e9a 10 ans, 2019)<\/li>\n\n\n\n<li>Le WE ? : cette maladie n&rsquo;est plus seulement un handicap, elle devient des visages, des histoires (Anne Claire, parente, 2019)<\/li>\n\n\n\n<li>Le WE me permet de me reposer de ma maladie (Hugo 13 ans, 2019)<\/li>\n\n\n\n<li>Si vous h\u00e9sitez \u00e0 venir au WE, osez, vous ne pourrez plus vous en passer (Aur\u00e9lie, m\u00e8re d&rsquo;ado, 2019)<\/li>\n\n\n\n<li>Avant le WE, je me sentais seul, \u2026ce WE m&rsquo;a ouvert les yeux sur ma deuxi\u00e8me famille (Walid, un p\u00e8re, 2020)<\/li>\n\n\n\n<li>Ce que j&rsquo;aime dans les WE, c&rsquo;est qu&rsquo;il n&rsquo;y a pas de diff\u00e9rence et tout le monde s&rsquo;entend bien (Tatiana, ado, 2020)<\/li>\n\n\n\n<li>Nous nous sommes tout de suite sentis \u00e0 notre place (Ana\u00efs et Damien, parents, 2020)<\/li>\n\n\n\n<li>Une ambiance familiale joyeuse, des informations qui m&rsquo;ont manqu\u00e9 autrefois (V\u00e9ronique, 52 ans, 2021)<\/li>\n\n\n\n<li>J&rsquo;ai perdu beaucoup trop de temps sans conna\u00eetre le vrai nom de mon handicap &#8211; j&rsquo;ai mis une semaine \u00e0 redescendre de mon nuage (Genevi\u00e8ve, 61 ans, 2021)<\/li>\n\n\n\n<li>Nous repartons remotiv\u00e9s pour reprendre le cours des r\u00e9\u00e9ducations (\u00c9milie, 2021)<\/li>\n\n\n\n<li>Un des seuls moments o\u00f9 je peux sortir de mes probl\u00e8mes personnels (Hugo ado, 2021)<\/li>\n<\/ul>\n<\/li>\n<\/ul>\n\n\n\n<p><\/p>\n<\/div><\/details>\n\n\n\n<details class=\"wp-block-jvm-details-summary\"><summary><h2>Notre prochain week-end rencontres 2026<\/h2><\/summary><div>\n<p class=\"has-text-align-center noJustify\">Ethic Etapes Lathus,  au sud de la Vienne !<br>CPA Lathus &#8211; La Voulzie 86390 Lathus-Saint-R\u00e9my<br>Tel : 05 49 91 83 30<\/p>\n\n\n\n<p class=\"has-text-align-center noJustify\"><a href=\"https:\/\/www.cpa-lathus.asso.fr\/\">https:\/\/www.cpa-lathus.asso.fr\/<\/a><br><strong>Vendredi 23 14h &#8211; Dimanche 25 Octobre 2026<\/strong> <strong>14h<\/strong> (milieu vacances de la Toussaint)<\/p>\n\n\n\n<p><\/p>\n\n\n\n<p><\/p>\n\n\n\n<figure class=\"wp-block-image size-full\"><a href=\"https:\/\/www.cpa-lathus.asso.fr\/\"><img loading=\"lazy\" decoding=\"async\" width=\"1920\" height=\"1080\" src=\"https:\/\/www.arthrogrypose.fr\/p\/wp-content\/uploads\/2025\/10\/Lathus-vu-du-ciel.jpg\" alt=\"\" class=\"wp-image-2709\" style=\"object-fit:cover\" srcset=\"https:\/\/www.arthrogrypose.fr\/p\/wp-content\/uploads\/2025\/10\/Lathus-vu-du-ciel.jpg 1920w, https:\/\/www.arthrogrypose.fr\/p\/wp-content\/uploads\/2025\/10\/Lathus-vu-du-ciel-1280x720.jpg 1280w, https:\/\/www.arthrogrypose.fr\/p\/wp-content\/uploads\/2025\/10\/Lathus-vu-du-ciel-980x551.jpg 980w, https:\/\/www.arthrogrypose.fr\/p\/wp-content\/uploads\/2025\/10\/Lathus-vu-du-ciel-480x270.jpg 480w\" sizes=\"(min-width: 0px) and (max-width: 480px) 480px, (min-width: 481px) and (max-width: 980px) 980px, (min-width: 981px) and (max-width: 1280px) 1280px, (min-width: 1281px) 1920px, 100vw\" \/><\/a><figcaption class=\"wp-element-caption\">Ethic-Etap Lathus<\/figcaption><\/figure>\n\n\n\n<p><\/p>\n\n\n\n<figure class=\"wp-block-image size-full\"><a href=\"https:\/\/maps.app.goo.gl\/4cdEuwYDvm4irTUg6\" target=\"_blank\" rel=\"noreferrer noopener\"><img loading=\"lazy\" decoding=\"async\" width=\"2428\" height=\"1170\" src=\"https:\/\/www.arthrogrypose.fr\/p\/wp-content\/uploads\/2025\/10\/Copie-decran_20251031_190821.jpg\" alt=\"\" class=\"wp-image-2710\" style=\"object-fit:cover\" srcset=\"https:\/\/www.arthrogrypose.fr\/p\/wp-content\/uploads\/2025\/10\/Copie-decran_20251031_190821.jpg 2428w, https:\/\/www.arthrogrypose.fr\/p\/wp-content\/uploads\/2025\/10\/Copie-decran_20251031_190821-1280x617.jpg 1280w, https:\/\/www.arthrogrypose.fr\/p\/wp-content\/uploads\/2025\/10\/Copie-decran_20251031_190821-980x472.jpg 980w, https:\/\/www.arthrogrypose.fr\/p\/wp-content\/uploads\/2025\/10\/Copie-decran_20251031_190821-480x231.jpg 480w\" sizes=\"(min-width: 0px) and (max-width: 480px) 480px, (min-width: 481px) and (max-width: 980px) 980px, (min-width: 981px) and (max-width: 1280px) 1280px, (min-width: 1281px) 2428px, 100vw\" \/><\/a><figcaption class=\"wp-element-caption\">EthicEtap Lathus ( GogleStreetView cliquer sur l&rsquo;image)<\/figcaption><\/figure>\n\n\n\n<p><\/p>\n\n\n\n<figure class=\"wp-block-image size-full\"><a href=\"https:\/\/www.google.fr\/maps\/place\/CPA+Lathus+-+Centre+de+Plein+Air\/@47.037617,1.1625261,6.67z\/data=!4m6!3m5!1s0x47ef3053adf886c1:0xa1fdd92547852223!8m2!3d46.3096961!4d0.9316361!16s%2Fg%2F11c5rzjscf?entry=ttu&amp;g_ep=EgoyMDI1MTAyOC4wIKXMDSoASAFQAw%3D%3D\" target=\"_blank\" rel=\"noreferrer noopener\"><img loading=\"lazy\" decoding=\"async\" width=\"1164\" height=\"988\" src=\"https:\/\/www.arthrogrypose.fr\/p\/wp-content\/uploads\/2025\/10\/CarteFranceLathus.jpg\" alt=\"\" class=\"wp-image-2711\" style=\"object-fit:cover\" srcset=\"https:\/\/www.arthrogrypose.fr\/p\/wp-content\/uploads\/2025\/10\/CarteFranceLathus.jpg 1164w, https:\/\/www.arthrogrypose.fr\/p\/wp-content\/uploads\/2025\/10\/CarteFranceLathus-980x832.jpg 980w, https:\/\/www.arthrogrypose.fr\/p\/wp-content\/uploads\/2025\/10\/CarteFranceLathus-480x407.jpg 480w\" sizes=\"(min-width: 0px) and (max-width: 480px) 480px, (min-width: 481px) and (max-width: 980px) 980px, (min-width: 981px) 1164px, 100vw\" \/><\/a><figcaption class=\"wp-element-caption\">Cliquer pour voir la carte sur Google Maps<\/figcaption><\/figure>\n\n\n\n<p>Nous esp\u00e9rons que ce lieu festif, proche du <a href=\"https:\/\/fr.wikipedia.org\/wiki\/Centre_de_la_France#Centre_du_cercle_minimum\">centre de la France<\/a> (95 km de Tranzault), incitera beaucoup d&rsquo;amis \u00e0 nous rejoindre !<br><br>CPA-Lathus-La Voulzie est \u00e0 65 km de Poitiers TGV, et 4km de la gare TER Lathus-Saint-R\u00e9my.<br>la gare TER de Lathus-Saint-R\u00e9my est sur la ligne Poitiers(TGV) &#8211; Limoge ( <a href=\"https:\/\/transports.nouvelle-aquitaine.fr\/fiche-horaire\/2166\">https:\/\/transports.nouvelle-aquitaine.fr\/fiche-horaire\/2166<\/a>)<\/p>\n<\/div><\/details>\n\n\n\n<details class=\"wp-block-jvm-details-summary\"><summary><h2>Informations pratiques<\/h2><\/summary><div>\n<ul class=\"wp-block-list\">\n<li><\/li>\n<\/ul>\n\n\n\n<p class=\"has-text-align-center\"><mark style=\"background-color:rgba(0, 0, 0, 0)\" class=\"has-inline-color has-vivid-red-color\">Attention, ces informations datent du WE 2025 et n&rsquo;ont pas encore \u00e9t\u00e9 mises \u00e0 jour pour 2026<\/mark><\/p>\n\n\n\n<ul class=\"wp-block-list\">\n<li>Sur 49 heures r\u00e9parties sur 3 jours, diverses activit\u00e9s s\u2019encha\u00eeneront (programme d\u00e9taill\u00e9 fix\u00e9 fin octobre) :\n<ul class=\"wp-block-list\">\n<li><strong>Vendredi, 14 h \u2013 15 h<\/strong> : accueil caf\u00e9 et remise des cl\u00e9s.<\/li>\n\n\n\n<li>Vendredi, 15 h : pr\u00e9sentation des participant\u00b7e\u00b7s et du week\u2011end.<\/li>\n\n\n\n<li>Assembl\u00e9e g\u00e9n\u00e9rale.<\/li>\n\n\n\n<li>Conf\u00e9rence m\u00e9dicale anim\u00e9e par le centre de r\u00e9f\u00e9rence.<\/li>\n\n\n\n<li>T\u00e9moignages, puis \u00ab trucs et astuces \u00bb.<\/li>\n\n\n\n<li>Activit\u00e9s en petits groupes.<\/li>\n\n\n\n<li>Groupes de parole.<\/li>\n\n\n\n<li>Conf\u00e9rences.<\/li>\n\n\n\n<li>Soir\u00e9es r\u00e9cr\u00e9atives ou festives.<\/li>\n\n\n\n<li><strong>Dimanche<\/strong>, 12 h 30 : repas, puis <strong>14 h \u2013 15 h : d\u00e9parts<\/strong>.<\/li>\n<\/ul>\n<\/li>\n\n\n\n<li>Les activit\u00e9s et leur ordre sont donn\u00e9s \u00e0 titre indicatif. Le programme d\u00e9finitif n&rsquo;est fix\u00e9 que fin octobre.<\/li>\n\n\n\n<li><strong>Enfants\/ados<\/strong> : activit\u00e9s sp\u00e9cifiques et adapt\u00e9es (pensez \u00e0 apporter un jogging). En g\u00e9n\u00e9ral, les enfants\/ados prennent leurs repas avec l\u2019\u00e9quipe d\u2019animation.<\/li>\n\n\n\n<li>Lors de l\u2019inscription, <strong>choisissez une activit\u00e9 pour le WE<\/strong> et un deuxi\u00e8me choix (solution de repli).<\/li>\n\n\n\n<li><\/li>\n\n\n\n<li>Si vous d\u00e9sirez donner du temps \u00e0 l&rsquo;Association pour r\u00e9aliser des projets, pensez \u00e0 vous porter candidat au Conseil d&rsquo;Administration en cochant la case \u00ab\u00a0<strong>Je candidate au conseil d&rsquo;administration<\/strong>\u00ab\u00a0<\/li>\n\n\n\n<li>Par exp\u00e9rience (20 ans d\u2019organisation), le <strong>chauffage des chambres<\/strong> peut n\u2019\u00eatre activ\u00e9 qu\u2019\u00e0 notre arriv\u00e9e et ne pas \u00eatre pleinement op\u00e9rationnel dans toutes les chambres. Si vous \u00eates frileux\u00b7se, pr\u00e9voyez bouillotte et pyjama sp\u00e9cial Sib\u00e9rie, au besoin.<\/li>\n<\/ul>\n\n\n\n<p><\/p>\n\n\n\n<p><\/p>\n\n\n\n<figure class=\"wp-block-table is-style-stripes has-small-font-size\"><table><tbody><tr><td><strong>D\u00e9part<\/strong><\/td><td class=\"has-text-align-center\" data-align=\"center\"><strong>Horaire <\/strong><br><strong>d\u00e9part<\/strong><\/td><td class=\"has-text-align-center\" data-align=\"center\"><strong>Horaire <\/strong><br><strong>d&rsquo;arriv\u00e9e<\/strong><\/td><td class=\"has-text-align-center\" data-align=\"center\"><strong>Dur\u00e9e du trajet <\/strong><br><strong>train uniquement<\/strong><\/td><td class=\"has-text-align-center\" data-align=\"center\"><strong>Correspondance<\/strong><\/td><\/tr><\/tbody><\/table><figcaption class=\"wp-element-caption\">Horaires \u00e0 chercher sur <a href=\"https:\/\/www.sncf-connect.com\">https:\/\/www.sncf-connect.com<\/a><\/figcaption><\/figure>\n\n\n\n<p><\/p>\n<\/div><\/details>\n\n\n\n<details class=\"wp-block-jvm-details-summary\"><summary><h2>Inscription et participation financi\u00e8re<\/h2><\/summary><div>\n<p class=\"has-text-align-center noJustify has-vivid-red-color has-text-color\"><mark style=\"background-color:rgba(0, 0, 0, 0)\" class=\"has-inline-color has-vivid-red-color\">Attention, ces informations datent du WE 2025 et n&rsquo;ont pas encore \u00e9t\u00e9 mises \u00e0 jour pour 2026<\/mark><br><br><em>L&rsquo;ouverture des inscriptions est pr\u00e9vue \u00e0 partir du 20 ao\u00fbt<\/em><\/p>\n\n\n\n<ul class=\"wp-block-list\">\n<li>L\u2019inscription s\u2019effectue via notre application web : <a href=\"https:\/\/appwe.arthrogrypose.fr\" target=\"_blank\" rel=\"noreferrer noopener\">https:\/\/appwe.arthrogrypose.fr<\/a><\/li>\n\n\n\n<li>Pour b\u00e9n\u00e9ficier des aides financi\u00e8res automatiques, veuillez finaliser votre inscription avant le 15 septembre 2025.<\/li>\n\n\n\n<li>\u00c0 partir du 1er octobre 2025, les inscriptions passeront en liste d\u2019attente, selon les places disponibles.<\/li>\n\n\n\n<li>\u00c0 partir du 15 ao\u00fbt 2025, nous vous invitons \u00e0 vous inscrire sans tarder et \u00e0 utiliser le bouton \u00ab Pr\u00e9inscription \u00bb en attendant la finalisation de votre dossier.<\/li>\n\n\n\n<li>En cas de difficult\u00e9 avec l\u2019application, nous pouvons convenir d\u2019un rendez-vous t\u00e9l\u00e9phonique pour r\u00e9aliser l\u2019inscription ensemble. Contactez-nous \u00e0 l\u2019adresse : <a href=\"mailto:we2025@arthrogrypose.fr\" target=\"_blank\" rel=\"noreferrer noopener\">we2025@arthrogrypose.fr<\/a><\/li>\n<\/ul>\n\n\n\n<p><\/p>\n\n\n\n<figure class=\"wp-block-table is-style-stripes\"><table><tbody><tr><td>Participation<br>(WE 2 jours)<\/td><td>B\u00e9b\u00e9s<br>&lt; 3 ans<\/td><td>Enfants<br>&lt; 12 ans<\/td><td>Ados<br>&lt; 18 ans<\/td><td>Adultes<\/td><td>Supp.<br>Chambre indiv<\/td><\/tr><tr><td>Normal<\/td><td>Gratuit<\/td><td>192<\/td><td>232<\/td><td>232<\/td><td>20<\/td><\/tr><tr><td>Subventionn\u00e9<\/td><td>Gratuit<\/td><td>85<\/td><td>100<\/td><td>120<\/td><td>20<\/td><\/tr><tr><td>Nouveaux venus<br>ou personne atteinte<\/td><td>Gratuit<\/td><td>60<\/td><td>60<\/td><td>75<\/td><td>20<\/td><\/tr><\/tbody><\/table><figcaption class=\"wp-element-caption\">Grille indicative simplifi\u00e9e des tarifs 2025 pour les 2 jours du WE<\/figcaption><\/figure>\n\n\n\n<div class=\"wp-block-columns is-layout-flex wp-container-core-columns-is-layout-1 wp-block-columns-is-layout-flex\">\n<div class=\"wp-block-column is-layout-flow wp-block-column-is-layout-flow\">\n<ul class=\"wp-block-list\">\n<li>La saisie de votre inscription dans l\u2019application <a href=\"https:\/\/appwe.arthrogrypose.fr\" target=\"_blank\" rel=\"noreferrer noopener\">https:\/\/appwe.arthrogrypose.fr<\/a> permet de calculer pr\u00e9cis\u00e9ment vos frais de participation. Essayez-la.\n<ul class=\"wp-block-list\">\n<li>Si vous utilisez le m\u00eame ordinateur, l&rsquo;application reprend les informations de votre pr\u00e9c\u00e9dente inscription. V\u00e9rifiez les informations d&rsquo;\u00e2ge et d&rsquo;anciennet\u00e9 en WE&#8230;<\/li>\n\n\n\n<li>Pour la personne atteinte, indiquez \u00ab <strong>C\u2019est mon 1er\/2e WE<\/strong> \u00bb afin que la famille b\u00e9n\u00e9ficie du tarif \u00ab Nouveaux venus \u00bb.<\/li>\n\n\n\n<li>Pour la personne atteinte, cochez \u00ab <strong>Je suis atteint\u00b7e d\u2019arthrogrypose<\/strong> \u00bb afin que la famille b\u00e9n\u00e9ficie du tarif subventionn\u00e9.<\/li>\n\n\n\n<li>Le tarif subventionn\u00e9 est r\u00e9serv\u00e9 aux personnes atteintes et \u00e0 leur famille, pour toute inscription finalis\u00e9e avant le 15 septembre 2025, dans la limite de 4 adultes par famille (par exemple : 2 parents et 2 grands-parents). Au\u2011del\u00e0, le tarif normal s\u2019applique aux adultes suppl\u00e9mentaires.<\/li>\n\n\n\n<li><strong>En cas d\u2019inscriptions multiples<\/strong> pour une m\u00eame famille, demandez l\u2019application du code \u00ab FAMILY \u00bb en contactant : <a href=\"mailto:we2025@arthrogrypose.fr\" target=\"_blank\" rel=\"noreferrer noopener\">we2025@arthrogrypose.fr<\/a>.<\/li>\n<\/ul>\n<\/li>\n\n\n\n<li>Les enfants de moins de 3 ans ne sont pas factur\u00e9s pour l\u2019h\u00e9bergement et la restauration; ils restent \u00e0 charge des parents. Merci de pr\u00e9voir un lit b\u00e9b\u00e9 pour les enfants de moins de 2 ans.<\/li>\n\n\n\n<li>L\u2019h\u00e9bergement se fait en <strong>chambres familiales<\/strong>, sans m\u00e9lange entre familles. Un suppl\u00e9ment s\u2019applique pour les <strong>chambres individuelles<\/strong>.<\/li>\n\n\n\n<li>Si vous \u00eates imposable et que vous le pouvez, nous vous encourageons \u00e0 <strong>faire un don<\/strong> (d\u00e9ductible \u00e0 66 % selon la r\u00e9glementation en vigueur) au b\u00e9n\u00e9fice de notre caisse d\u2019entraide.<\/li>\n\n\n\n<li>Si, malgr\u00e9 le tarif subventionn\u00e9 et les frais de transport, le co\u00fbt reste trop \u00e9lev\u00e9, \u00e9crivez \u00e0 <a href=\"mailto:we2025@arthrogrypose.fr\" target=\"_blank\" rel=\"noreferrer noopener\">we2025@arthrogrypose.fr<\/a> pour <strong>solliciter un soutien<\/strong> de la caisse d\u2019entraide. Nous ferons notre possible pour que la situation financi\u00e8re ne soit pas un frein \u00e0 votre participation.<\/li>\n\n\n\n<li><strong>Pour toute question<\/strong> concernant votre participation au week\u2011end, contactez : <a href=\"mailto:we2025@arthrogrypose.fr\" target=\"_blank\" rel=\"noreferrer noopener\">we2025@arthrogrypose.fr<\/a>. Merci de ne pas utiliser les messages directs Facebook ou SMS, susceptibles d\u2019\u00eatre oubli\u00e9s.<\/li>\n\n\n\n<li>Il est possible d\u2019ajouter des <strong>jours \u00ab EXTRA \u00bb<\/strong> avant le week\u2011end et\/ou de prolonger le s\u00e9jour apr\u00e8s. L\u2019inscription \u00e0 ces jours \u00ab EXTRA \u00bb se fait via l\u2019association, qui refacture au prix co\u00fbtant (sans subvention). Simulez dans l\u2019application : <a href=\"https:\/\/appwe.arthrogrypose.fr\" target=\"_blank\" rel=\"noreferrer noopener\">https:\/\/appwe.arthrogrypose.fr<\/a>.<br><em>oups : pas possible de prolonger le s\u00e9jour en 2025 \u00e0 cause de travaux qui d\u00e9marrent.<\/em><\/li>\n\n\n\n<li>Comme en 2024, un <strong>groupe WhatsApp<\/strong> sera mis en place pendant le week\u2011end pour diffuser informations et documents. Si vous souhaitez y \u00eatre ajout\u00e9, merci d\u2019indiquer votre num\u00e9ro de t\u00e9l\u00e9phone mobile (opt\u2011out).<\/li>\n\n\n\n<li>Si vous souhaitez recevoir les <strong>documents au format papier<\/strong>, cochez la case d\u00e9di\u00e9e (nous n\u2019imprimerons que le strict n\u00e9cessaire).<\/li>\n<\/ul>\n\n\n\n<p>Activit\u00e9s envisag\u00e9es pour le WE 2025 (sous r\u00e9serve de disponibilit\u00e9 et de conditions m\u00e9t\u00e9o) :<\/p>\n\n\n\n<ul class=\"wp-block-list\">\n<li>Initiation au <strong>char \u00e0 voile<\/strong> biplace (bonne stabilit\u00e9 assise requise). Activit\u00e9 d\u00e9pendante du vent, susceptible d\u2019\u00eatre annul\u00e9e au dernier moment : pr\u00e9voyez une activit\u00e9 de repli.<\/li>\n\n\n\n<li><strong>Visite de l\u2019aquarium<\/strong>, accessible PMR (hors une partie du parcours sous-marin) ( <a href=\"https:\/\/www.aquarium-st-malo.com\/\">www.aquarium-st-malo.com<\/a>\/ )<\/li>\n\n\n\n<li><strong>Balade en bateau<\/strong> (accessible PMR ).<\/li>\n\n\n\n<li><strong>Laser-game<\/strong> sur 2 \u00e9tages (sans ascenseur), \u00e0 partir de 8 ans ( <a href=\"https:\/\/www.west-parc.fr\/\" target=\"_blank\" rel=\"noreferrer noopener nofollow\">www.west-parc.fr\/ )<\/a><\/li>\n\n\n\n<li><strong>Bowling<\/strong> ( <a href=\"https:\/\/www.west-parc.fr\/\" target=\"_blank\" rel=\"noreferrer noopener nofollow\">www.west-parc.fr\/ )<\/a><\/li>\n\n\n\n<li><strong>Trampoline<\/strong> pour enfants ( <a href=\"https:\/\/www.west-parc.fr\/\" target=\"_blank\" rel=\"noreferrer noopener nofollow\">www.west-parc.fr\/ )<\/a><\/li>\n\n\n\n<li><strong>Discussion et promenade<\/strong> en bord de mer (<strong>digue de Palarm\u00e9<\/strong>, accessible \u00e0 tous).<\/li>\n<\/ul>\n<\/div>\n<\/div>\n<\/div><\/details>\n\n\n\n<details class=\"wp-block-jvm-details-summary\"><summary><h2>Pourquoi appelez-vous <strong>week-end rencontre et r\u00e9pit<\/strong> ?<\/h2><\/summary><div>\n<p>C\u2019est g\u00e9n\u00e9ralement une forme de <strong>r\u00e9pit pour les parents<\/strong>, car les enfants sont occup\u00e9s par nos animateurs b\u00e9n\u00e9voles et sont tr\u00e8s heureux entre eux et entre personnes handicap\u00e9es pour s\u2019amuser, ce qui soulage les parents.<\/p>\n\n\n\n<p>Apr\u00e8s, ce n\u2019est <strong>pas de la farniente<\/strong> pour les adultes, car les activit\u00e9s s\u2019encha\u00eenent au cours du week-end, et les temps libres sont occup\u00e9s par les discussions. Parfois, on a de mauvaises surprises avec le couchage ou le chauffage, et la restauration de groupe est moyenne\u2026 Mais on est surtout <strong>fatigu\u00e9 par toutes ces \u00e9changes forts en \u00e9motions<\/strong>.<\/p>\n\n\n\n<p>Bref, c\u2019est un booster pour repartir affronter la vie quotidienne !<\/p>\n<\/div><\/details>\n\n\n\n<details class=\"wp-block-jvm-details-summary\"><summary><h2>Rencontres r\u00e9gionales<\/h2><h2><\/h2><\/summary><div>\n<p>A c\u00f4t\u00e9 de notre week-end rencontre annuel et national, nous aimerions aussi organiser des rencontres r\u00e9gionales sur juste une journ\u00e9e, pour compenser l&rsquo;\u00e9loignement que repr\u00e9sente la rencontre nationale. <\/p>\n\n\n\n<p>Malheureusement, ce projet a du mal \u00e0 se concr\u00e9tiser. Si vous d\u00e9sirez organiser une rencontre dans votre r\u00e9gion, faites nous signe ! <a href=\"https:\/\/www.arthrogrypose.fr\/contact\">http:\/\/www.arthrogrypose.fr\/contact<\/a><\/p>\n<\/div><\/details>\n\n\n\n<script type=\"text\/javascript\">\n\n\tconsole.log( 'PhD : Add Cyclic Javascript : OK !' )\n\t setInterval(function(){ \n\t    console.log( 'PhD : Cyclic Javascript : ENTER !' );\n        document.querySelectorAll('div.leaflet-popup-content').forEach(e => { e.style.width='250px';});\n        document.querySelectorAll('div.leaflet-popup.leaflet-zoom-animated').forEach(e => { e.style.left='-132px'; e.style['margin-bottom']='10px';});\n\n }, 200);\n\n<\/script>\n","protected":false},"excerpt":{"rendered":"<p>Depuis sa cr\u00e9ation, l&rsquo;association organise un \u00ab\u00a0week-end rencontre et r\u00e9pit\u00a0\u00bb de 49h ( vendredi 14h au dimanche 14h ) le week-end des vacances de la Toussaint. Le lieu change d&rsquo;une ann\u00e9e sur l&rsquo;autre, comme le montre cette carte. En cliquant sur l&rsquo;\u00e9tiquette, vous pouvez retrouver les informations publiques du WE et aussi les informations priv\u00e9es [&hellip;]<\/p>\n","protected":false},"author":4,"featured_media":0,"parent":0,"menu_order":0,"comment_status":"closed","ping_status":"closed","template":"","meta":{"_et_pb_use_builder":"off","_et_pb_old_content":"","_et_gb_content_width":"","inline_featured_image":false,"footnotes":""},"class_list":["post-304","page","type-page","status-publish","hentry"],"_links":{"self":[{"href":"https:\/\/www.arthrogrypose.fr\/p\/wp-json\/wp\/v2\/pages\/304","targetHints":{"allow":["GET"]}}],"collection":[{"href":"https:\/\/www.arthrogrypose.fr\/p\/wp-json\/wp\/v2\/pages"}],"about":[{"href":"https:\/\/www.arthrogrypose.fr\/p\/wp-json\/wp\/v2\/types\/page"}],"author":[{"embeddable":true,"href":"https:\/\/www.arthrogrypose.fr\/p\/wp-json\/wp\/v2\/users\/4"}],"replies":[{"embeddable":true,"href":"https:\/\/www.arthrogrypose.fr\/p\/wp-json\/wp\/v2\/comments?post=304"}],"version-history":[{"count":25,"href":"https:\/\/www.arthrogrypose.fr\/p\/wp-json\/wp\/v2\/pages\/304\/revisions"}],"predecessor-version":[{"id":2738,"href":"https:\/\/www.arthrogrypose.fr\/p\/wp-json\/wp\/v2\/pages\/304\/revisions\/2738"}],"wp:attachment":[{"href":"https:\/\/www.arthrogrypose.fr\/p\/wp-json\/wp\/v2\/media?parent=304"}],"curies":[{"name":"wp","href":"https:\/\/api.w.org\/{rel}","templated":true}]}}