{"id":274,"date":"2021-11-03T13:51:49","date_gmt":"2021-11-03T12:51:49","guid":{"rendered":"https:\/\/www.arthrogrypose.fr\/p\/?page_id=274"},"modified":"2025-08-19T22:49:22","modified_gmt":"2025-08-19T20:49:22","slug":"video-film-documentaire-arthrogrypose","status":"publish","type":"page","link":"https:\/\/www.arthrogrypose.fr\/p\/video-film-documentaire-arthrogrypose\/","title":{"rendered":"Documentaire : Vivre avec l&rsquo;Arthrogrypose"},"content":{"rendered":"\n<figure class=\"wp-block-image size-large\"><img loading=\"lazy\" decoding=\"async\" width=\"1024\" height=\"576\" src=\"https:\/\/www.arthrogrypose.fr\/p\/wp-content\/uploads\/2021\/11\/Screenshot-at-2018-06-25-212358-1024x576.jpg\" alt=\"\" class=\"wp-image-270\" srcset=\"https:\/\/www.arthrogrypose.fr\/p\/wp-content\/uploads\/2021\/11\/Screenshot-at-2018-06-25-212358-980x551.jpg 980w, https:\/\/www.arthrogrypose.fr\/p\/wp-content\/uploads\/2021\/11\/Screenshot-at-2018-06-25-212358-480x270.jpg 480w\" sizes=\"(min-width: 0px) and (max-width: 480px) 480px, (min-width: 481px) and (max-width: 980px) 980px, (min-width: 981px) 1024px, 100vw\" \/><figcaption class=\"wp-element-caption\">Vivre Avec l&rsquo;Arthrogrypose<\/figcaption><\/figure>\n\n\n\n<p>( english version :  <a href=\"\/p\/documentary-living-with-arthrogryposis-en\">here<\/a> )<\/p>\n\n\n\n<p>L&rsquo;association a r\u00e9alis\u00e9 en 2016 un film documentaire de 50 minutes sur \u00ab\u00a0Vivre avec l&rsquo;arthrogrypose\u00a0\u00bb sur diff\u00e9rents aspects m\u00e9dicaux ou pratiques.<\/p>\n\n\n\n<p>Ce film a \u00e9t\u00e9 financ\u00e9 et r\u00e9alis\u00e9 par l&rsquo;association alliance arthrogrypose qui en est donc propri\u00e9taire. Pour toute utilisation ( commerciale ou non) vous devez pr\u00e9alablement obtenir une autorisation \u00e9crite aupr\u00e8s de l&rsquo;association :<\/p>\n\n\n\n<p class=\"has-text-align-center noJustify\"><a href=\"https:\/\/www.arthrogrypose.fr\/contact\">www.arthrogrypose.fr\/contact<\/a><\/p>\n\n\n\n<p class=\"has-text-align-center noJustify\">D\u00e9rogation :<\/p>\n\n\n\n<p>Pour les personnes atteintes par l&rsquo;arthrogrypose, l&rsquo;Association autorise la projection du film dans un cadre priv\u00e9, ainsi que la copie pour la mise \u00e0 disposition aux familiers et amis du malade, ainsi que son personnel soignant, toujours dans la limite du cadre priv\u00e9.<\/p>\n\n\n\n<p class=\"has-text-align-right noJustify\">D\u00e9cision du Conseil d&rsquo;Administration du 26\/05\/2016<\/p>\n\n\n\n<p>Ce film vous apportera sous forme de t\u00e9moignages de parents, d&rsquo;enfants et de m\u00e9decins, des \u00e9l\u00e9ments de r\u00e9ponse aux questions que vous vous posez. Visionnez le int\u00e9gralement, la table des mati\u00e8res ci-dessous vous permettra de revenir sur les sujets qui vous int\u00e9ressent le plus.<\/p>\n\n\n\n<p>Nouveaut\u00e9 2023 : le sous-titrage est disponible en fran\u00e7ais, mais aussi en anglais, allemand, espagnol, italien, arabe, chinois, hindi, russe, ukrainien&#8230; Si le sous-titrage en fran\u00e7ais et en anglais a \u00e9t\u00e9 consciencieusement relu et corrig\u00e9, les traductions en langues \u00e9trang\u00e8res ont \u00e9t\u00e9 r\u00e9alis\u00e9es par outils automatiques, et peuvent contenir des anomalies ! <a href=\"https:\/\/www.arthrogrypose.fr\/p\/actu\/sous-titrage-de-notre-documentaire\/\">Mode d&#8217;emploi<\/a><\/p>\n\n\n\n<p><\/p>\n\n\n\n<div class=\"wp-block-buttons is-layout-flex wp-block-buttons-is-layout-flex\"><\/div>\n\n\n\n<div class=\"wp-block-buttons\">\n    <div class=\"wp-block-button\" id=\"jaccepte\">\n    <a class=\"wp-block-button__link\" href=\"#\" onclick=\"doAccept();\"> \n    J&rsquo;accepte ces conditions\n    <\/a>\n    <\/div>\n<\/div>\n\n\n\n<p><\/p>\n\n\n\n<p><\/p>\n\n\n\n<p><\/p>\n\n\n\n<div id=\"accepted\" class=\"ifAccepted\" style=\"display:none\">\n  <figure class=\"wp-block-video\">\n    <video id=\"2015VivreAvec\" controls=\"\" \n            poster=\"\/p\/VivreAvec\/video\/VivreAvec.jpg\"   \n            src=\"\/p\/VivreAvec\/video\/Vivreavec1280_3.mp4\"\n     >\n    <track label=\"Fran\u00e7ais\" kind=\"subtitles\" srclang=\"fr\" \n           src=\"\/p\/VivreAvec\/video\/Vivreavec1280_3.mp4.vtt\" default >\n    <track label=\"Anglais English\" kind=\"subtitles\" srclang=\"en\" \n           src=\"\/p\/VivreAvec\/video\/Vivreavec1280_3.mp4.en.vtt\" >        \n    <track label=\"Allemand Deutsch\" kind=\"subtitles\" srclang=\"de\" \n           src=\"\/p\/VivreAvec\/video\/Vivreavec1280_3.mp4.de.vtt\" >        \n    <track label=\"Italien Italiano\" kind=\"subtitles\" srclang=\"it\" \n           src=\"\/p\/VivreAvec\/video\/Vivreavec1280_3.mp4.it.vtt\" >        \n    <track label=\"Espagnol Espa\u00f1ol\" kind=\"subtitles\" srclang=\"es\" \n           src=\"\/p\/VivreAvec\/video\/Vivreavec1280_3.mp4.es.vtt\" >\n    <track label=\"Portugais Portugues\" kind=\"subtitles\" srclang=\"pt\" \n           src=\"\/p\/VivreAvec\/video\/Vivreavec1280_3.mp4.pt.vtt\" >\n    <track label=\"Russe \u0420\u0443\u0441\u0441\u043a\u0438\u0439\" kind=\"subtitles\" srclang=\"ru\" \n           src=\"\/p\/VivreAvec\/video\/Vivreavec1280_3.mp4.ru.vtt\" >\n    <track label=\"Ukrainien \u0443\u043a\u0440\u0430\u0457\u043d\u0441\u044c\u043a\u0430\" kind=\"subtitles\" srclang=\"uk\" \n           src=\"\/p\/VivreAvec\/video\/Vivreavec1280_3.mp4.uk.vtt\" >\n    <track label=\"Chinois \u4e2d\u56fd\u4eba\" kind=\"subtitles\" srclang=\"cn\" \n           src=\"\/p\/VivreAvec\/video\/Vivreavec1280_3.mp4.cn.vtt\" >\n    <track label=\"Hindi \u0939\u093f\u0902\u0926\u0940\" kind=\"subtitles\" srclang=\"hi\" \n           src=\"\/p\/VivreAvec\/video\/Vivreavec1280_3.mp4.hi.vtt\" >\n    <track label=\"Arabe \u0639\u0631\u0628\u0649\" kind=\"subtitles\" srclang=\"ar\" \n           src=\"\/p\/VivreAvec\/video\/Vivreavec1280_3.mp4.ar.vtt\" >\n    <\/video>\n  <figcaption>Documentaire : Vivre avec l\u2019Arthrogrypose<\/figcaption><\/figure> \n<\/div>\n\n\n\n<details class=\"wp-block-jvm-details-summary ifAccepted\"><summary>Table des mati\u00e8res<\/summary><div>\n<p>(cliquer sur un lien pour positionner directement dans la vid\u00e9o )\n<br>\n                            <br>\n                            <br>\n<a href=\"javascript:doSeek( '2015VivreAvec', 0 )\">\t\t<span style=\"color:#CC0033;\">LE WEEK-END ANNUEL DE L&rsquo;ASSOCIATION<\/span>\t<\/a><br>\n<a href=\"javascript:doSeek( '2015VivreAvec', 0 )\">\t\t00:00 introduction\t<\/a><br>\n<a href=\"javascript:doSeek( '2015VivreAvec', 31 )\">\t\t00:31 l&rsquo;arthrogrypose : les atteintes\t<\/a><br>\n<br>\n<a href=\"javascript:doSeek( '2015VivreAvec', 76 )\">\t\t<span style=\"color:#CC0033;\">L&rsquo;ANNONCE DE LA MALADIE\t<\/span><\/a><br>\n<a href=\"javascript:doSeek( '2015VivreAvec', 76 )\">\t\t01:16 t\u00e9moignage Matthieu et Amanda \t<\/a><br>\n<a href=\"javascript:doSeek( '2015VivreAvec', 184 )\">\t\t03:04 t\u00e9moignage Alan et C\u00e9cile \t<\/a><br>\n<a href=\"javascript:doSeek( '2015VivreAvec', 206 )\">\t\t03:26 t\u00e9moignage Sophie \t<\/a><br>\n<a href=\"javascript:doSeek( '2015VivreAvec', 219 )\">\t\t03:39 t\u00e9moignage Philippe et Myriam \t<\/a><br>\n<a href=\"javascript:doSeek( '2015VivreAvec', 230 )\">\t\t03:50 t\u00e9moignage St\u00e9phane et Ga\u00eblle \t<\/a><br>\n<a href=\"javascript:doSeek( '2015VivreAvec', 248 )\">\t\t04:08 t\u00e9moignage Jean-Pierre et Marie ( grand-parents) \t<\/a><br>\n<a href=\"javascript:doSeek( '2015VivreAvec', 268 )\">\t\t04:28 t\u00e9moignage Isabelle et Elodie \t<\/a><br>\n<a href=\"javascript:doSeek( '2015VivreAvec', 296 )\">\t\t04:56 t\u00e9moignage St\u00e9phane et Ga\u00eblle \t<\/a><br>\n<a href=\"javascript:doSeek( '2015VivreAvec', 321 )\">\t\t05:21 t\u00e9moignage Annie, l&rsquo;arthrogrypose autrefois <\/a><br>\n<br>\n<a href=\"javascript:doSeek( '2015VivreAvec', 360 )\">\t\t<span style=\"color:#CC0033;\">LA NAISSANCE DE L&rsquo;ASSOCIATION\t<\/span><\/a><br>\n<a href=\"javascript:doSeek( '2015VivreAvec', 360 )\">\t\t06:00 t\u00e9moignage Adeline \t<\/a><br>\n<a href=\"javascript:doSeek( '2015VivreAvec', 476 )\">\t\t07:56 l&rsquo;arthrogrypose : l&rsquo;origine, l&rsquo;\u00e9volution, la prise en charge m\u00e9dicale\t<\/a><br>\n<br>\n<a href=\"javascript:doSeek( '2015VivreAvec', 503 )\">\t\t<span style=\"color:#CC0033;\">LE CENTRE DE REFERENCE (centre hospitalier de Grenoble)\t<\/span><\/a><br>\n<a href=\"javascript:doSeek( '2015VivreAvec', 503 )\">\t\t08:23 intervention Pr Jacques GRIFFET (orthop\u00e9diste p\u00e9diatre)\t<\/a><br>\n<a href=\"javascript:doSeek( '2015VivreAvec', 545 )\">\t\t09:05 kin\u00e9sith\u00e9rapie dans le traitement de l&rsquo;arthrogrypose\t<\/a><br>\n<a href=\"javascript:doSeek( '2015VivreAvec', 554 )\">\t\t09:14 t\u00e9moignage famille \t<\/a><br>\n<a href=\"javascript:doSeek( '2015VivreAvec', 580 )\">\t\t09:40 t\u00e9moignage Sophie et Emma \t<\/a><br>\n<a href=\"javascript:doSeek( '2015VivreAvec', 613 )\">\t\t10:13 t\u00e9moignage St\u00e9phane et Ga\u00eblle \t<\/a><br>\n<a href=\"javascript:doSeek( '2015VivreAvec', 629 )\">\t\t10:29 t\u00e9moignage Damien \t<\/a><br>\n<a href=\"javascript:doSeek( '2015VivreAvec', 652 )\">\t\t10:52 bilan au centre de r\u00e9f\u00e9rence\t<\/a><br>\n<a href=\"javascript:doSeek( '2015VivreAvec', 676 )\">\t\t11:16 Pr Pierre-Simon JOUK : la classification des arthrogryposes en 3 groupes <\/a><br>\n<a href=\"javascript:doSeek( '2015VivreAvec', 816 )\">\t\t13:36 description du bilan (intervention Pr Pierre-Simon JOUK)\t<\/a><br>\n<a href=\"javascript:doSeek( '2015VivreAvec', 882 )\">\t\t14:42 ergoth\u00e9rapie dans le traitement de l&rsquo;arthrogrypose\t<\/a><br>\n<a href=\"javascript:doSeek( '2015VivreAvec', 887 )\">\t\t14:47 intervention Anne-Sophie HUGUES (ergoth\u00e9rapeute)\t<\/a><br>\n<a href=\"javascript:doSeek( '2015VivreAvec', 941 )\">\t\t15:41 intervention Pr Jacques GRIFFET (orthop\u00e9diste p\u00e9diatre)\t<\/a><br>\n<a href=\"javascript:doSeek( '2015VivreAvec', 986 )\">\t\t16:26 intervention Emmanuelle DUPRAZ (psychologue) \t<\/a><br>\n<a href=\"javascript:doSeek( '2015VivreAvec', 1035 )\">\t\t17:15 intervention Dr Klaus DIETERICH (m\u00e9decin g\u00e9n\u00e9ticien)\t<\/a><br>\n<a href=\"javascript:doSeek( '2015VivreAvec', 1074 )\">\t\t17:54 intervention Pr Pierre-Simon JOUK (d\u00e9partement de g\u00e9n\u00e9tique et procr\u00e9ation)\t<\/a><br>\n<br>\n<a href=\"javascript:doSeek( '2015VivreAvec', 1117 )\">\t\t<span style=\"color:#CC0033;\">LA SCOLARITE\t<\/span><\/a><br>\n<a href=\"javascript:doSeek( '2015VivreAvec', 1117 )\">\t\t18:37 intervention Corinne  (maitresse Maya &#8211; \u00e9cole maternelle \u00e0 Marseille)\t<\/a><br>\n<a href=\"javascript:doSeek( '2015VivreAvec', 1227 )\">\t\t20:27 t\u00e9moignage Damien \t<\/a><br>\n<a href=\"javascript:doSeek( '2015VivreAvec', 1238 )\">\t\t20:38 t\u00e9moignage Clarisse \t<\/a><br>\n<a href=\"javascript:doSeek( '2015VivreAvec', 1250 )\">\t\t20:50 t\u00e9moignage Emma \t<\/a><br>\n<a href=\"javascript:doSeek( '2015VivreAvec', 1270 )\">\t\t21:10 t\u00e9moignage isabelle  \t<\/a><br>\n<a href=\"javascript:doSeek( '2015VivreAvec', 1285 )\">\t\t21:25 t\u00e9moignage Sophie \t<\/a><br>\n<a href=\"javascript:doSeek( '2015VivreAvec', 1301 )\">\t\t21:41 t\u00e9moignage Jean-Pierre et Marie \t<\/a><br>\n<br>\n<a href=\"javascript:doSeek( '2015VivreAvec', 1327 )\">\t\t<span style=\"color:#CC0033;\">LES RELATIONS AVEC LES AUTRES\t<\/span><\/a><br>\n<a href=\"javascript:doSeek( '2015VivreAvec', 1327 )\">\t\t22:07 t\u00e9moignage Damien \t<\/a><br>\n<a href=\"javascript:doSeek( '2015VivreAvec', 1354 )\">\t\t22:34 t\u00e9moignage Clarisse \t<\/a><br>\n<a href=\"javascript:doSeek( '2015VivreAvec', 1362 )\">\t\t22:42 t\u00e9moignage Klervi \t<\/a><br>\n<a href=\"javascript:doSeek( '2015VivreAvec', 1374 )\">\t\t22:54 t\u00e9moignage Sophie \t<\/a><br>\n<a href=\"javascript:doSeek( '2015VivreAvec', 1381 )\">\t\t23:01 t\u00e9moignage Isabelle  \t<\/a><br>\n<br>\n<a href=\"javascript:doSeek( '2015VivreAvec', 1400 )\">\t\t<span style=\"color:#CC0033;\">LA VIE PROFESSIONNELLE\t<\/span><\/a><br>\n<a href=\"javascript:doSeek( '2015VivreAvec', 1400 )\">\t\t23:20 t\u00e9moignage Marion \t<\/a><br>\n<a href=\"javascript:doSeek( '2015VivreAvec', 1483 )\">\t\t24:43 intervention Nicolas  (l&rsquo;Or\u00e9al)\t<\/a><br>\n<a href=\"javascript:doSeek( '2015VivreAvec', 1545 )\">\t\t25:45 intervention Ana\u00efs  (l&rsquo;Or\u00e9al)\t<\/a><br>\n<a href=\"javascript:doSeek( '2015VivreAvec', 1577 )\">\t\t26:17 t\u00e9moignage Emilie \t<\/a><br>\n<br>\n<a href=\"javascript:doSeek( '2015VivreAvec', 1722 )\">\t\t<span style=\"color:#CC0033;\">28:42 RELATION A LA MALADIE &amp; DEVELOPPEMENT PERSONNEL\t<\/span><\/a><br>\n<a href=\"javascript:doSeek( '2015VivreAvec', 1743 )\">\t\t29:03 t\u00e9moignage Emma \t<\/a><br>\n<a href=\"javascript:doSeek( '2015VivreAvec', 1752 )\">\t\t29:12 t\u00e9moignage Klervi \t<\/a><br>\n<a href=\"javascript:doSeek( '2015VivreAvec', 1766 )\">\t\t29:26 t\u00e9moignage Luan \t<\/a><br>\n<a href=\"javascript:doSeek( '2015VivreAvec', 1774 )\">\t\t29:34 t\u00e9moignage Clarisse \t<\/a><br>\n<a href=\"javascript:doSeek( '2015VivreAvec', 1783 )\">\t\t29:43 t\u00e9moignage Klervi \t<\/a><br>\n<a href=\"javascript:doSeek( '2015VivreAvec', 1790 )\">\t\t29:50 t\u00e9moignage Emilie \t<\/a><br>\n<a href=\"javascript:doSeek( '2015VivreAvec', 1822 )\">\t\t30:22 t\u00e9moignage Annie \t<\/a><br>\n<a href=\"javascript:doSeek( '2015VivreAvec', 1836 )\">\t\t30:36 t\u00e9moignage Jean-Luc \t<\/a><br>\n<a href=\"javascript:doSeek( '2015VivreAvec', 1851 )\">\t\t30:51 intervention Emmanuelle DUPRAZ (psychologue) \t<\/a><br>\n<br>\n<a href=\"javascript:doSeek( '2015VivreAvec', 1939 )\">\t\t<span style=\"color:#CC0033;\">32:19 ACTIVITES &amp; LOISIRS\t<\/span><\/a><br>\n<a href=\"javascript:doSeek( '2015VivreAvec', 1953 )\">\t\t32:33 t\u00e9moignagne Fabien \t<\/a><br>\n<a href=\"javascript:doSeek( '2015VivreAvec', 2045 )\">\t\t34:05 t\u00e9moignage Marion \t<\/a><br>\n<a href=\"javascript:doSeek( '2015VivreAvec', 2138 )\">\t\t35:38 t\u00e9moignage Emilie \t<\/a><br>\n<a href=\"javascript:doSeek( '2015VivreAvec', 2157 )\">\t\t35:57 t\u00e9moignage Juliette \t<\/a><br>\n<a href=\"javascript:doSeek( '2015VivreAvec', 2173 )\">\t\t36:13 t\u00e9moignage Marion \t<\/a><br>\n<br>\n<a href=\"javascript:doSeek( '2015VivreAvec', 2179 )\">\t\t<span style=\"color:#CC0033;\">36:19 VIVRE AVEC LA MALADIE\t<\/span><\/a><br>\n<a href=\"javascript:doSeek( '2015VivreAvec', 2193 )\">\t\t36:33 t\u00e9moignage Fanny \t<\/a><br>\n<a href=\"javascript:doSeek( '2015VivreAvec', 2378 )\">\t\t39:38 t\u00e9moignage Juliette \t<\/a><br>\n<a href=\"javascript:doSeek( '2015VivreAvec', 2584 )\">\t\t43:04 t\u00e9moignage Marie-Claude \t<\/a><br>\n<br>\n<a href=\"javascript:doSeek( '2015VivreAvec', 2604 )\">\t\t<span style=\"color:#CC0033;\">43:24 ROLE DE L&rsquo;ASSOCIATION\t<\/span><\/a><br>\n<a href=\"javascript:doSeek( '2015VivreAvec', 2605 )\">\t\t43:25 le week-end annuel (prises de vues)\t<\/a><br>\n<a href=\"javascript:doSeek( '2015VivreAvec', 2669 )\">\t\t44:29 les objectifs de l&rsquo;association (explications Marie-Claude )\t<\/a><br>\n<a href=\"javascript:doSeek( '2015VivreAvec', 2703 )\">\t\t45:03 le conseil scientifique \t<\/a><br>\n<a href=\"javascript:doSeek( '2015VivreAvec', 2763 )\">\t\t46:03 publication de l&rsquo;association : une petite lumi\u00e8re dans les yeux\t<\/a><br>\n<br>\n<a href=\"javascript:doSeek( '2015VivreAvec', 2806 )\">\t\t<span style=\"color:#CC0033;\">46:46 HANDICAP &amp; SOCIETE\t<\/span><\/a><br>\n<a href=\"javascript:doSeek( '2015VivreAvec', 2814 )\">\t\t46:54 t\u00e9moignage Marie-Claude \t<\/a><br>\n<a href=\"javascript:doSeek( '2015VivreAvec', 2844 )\">\t\t47:24 t\u00e9moignage Emilie \t<\/a><br>\n<a href=\"javascript:doSeek( '2015VivreAvec', 2863 )\">\t\t47:43 t\u00e9moignage Jean-Pierre et Marie \t<\/a><br>\n<a href=\"javascript:doSeek( '2015VivreAvec', 2871 )\">\t\t47:51 t\u00e9moignage Sophie \t<\/a><br>\n<a href=\"javascript:doSeek( '2015VivreAvec', 2882 )\">\t\t48:02 t\u00e9moignage Alan et C\u00e9cile \t<\/a><br>\n<a href=\"javascript:doSeek( '2015VivreAvec', 2907 )\">\t\t48:27 t\u00e9moignage St\u00e9phane et Ga\u00eblle \t<\/a><br>\n<a href=\"javascript:doSeek( '2015VivreAvec', 2918 )\">\t\t48:38 t\u00e9moignage Isabelle SADAT et Elodie \t<\/a><br>\n<a href=\"javascript:doSeek( '2015VivreAvec', 2941 )\">\t\t49:01 t\u00e9moignage Annie \t<\/a><br>\n<a href=\"javascript:doSeek( '2015VivreAvec', 2954 )\">\t\t49:14 t\u00e9moignage Marion \t<\/a><br>\n<a href=\"javascript:doSeek( '2015VivreAvec', 2970 )\">\t\t49:30 t\u00e9moignage Philippe et Myriam \t<\/a><br>\n<a href=\"javascript:doSeek( '2015VivreAvec', 2975 )\">\t\t49:35 t\u00e9moignage Jean-Luc \t<\/a><br>\n<a href=\"javascript:doSeek( '2015VivreAvec', 2993 )\">\t\t49:53 t\u00e9moignage Fanny \t<\/a><br>\n<br>\n<a href=\"javascript:doSeek( '2015VivreAvec', 3034 )\">\t\t<span style=\"color:#CC0033;\">50:34 BANDE ANNONCE (sponsors, remerciements et \u00e9quipe de r\u00e9alisation)\t<\/span><\/a><br>\n\n                            <br>\n                            <br>\n<\/p>\n<\/div><\/details>\n\n\n\n<p><\/p>\n\n\n\n<p><\/p>\n\n\n\n<p><\/p>\n\n\n\n<div class=\"ifAccepted\" style=\"display:none\">\n<div class=\"wp-block-buttons\">\n    <div class=\"wp-block-button\">\n        <a class=\"wp-block-button__link \" download=\"Vivreavec(2016)hd.mp4\" href=\"https:\/\/www.arthrogrypose.fr\/p\/VivreAvec\/video\/Vivreavec1280_3.mp4\"> \n        T\u00e9l\u00e9charger le documentaire\n        <\/a>\n    <\/div>\n<\/div>\n<\/div>\n\n\n\n<script type=\"text\/javascript\">\n    function doSeek( _tag, _time) {\n        document.getElementById( _tag ).currentTime = _time;\n        document.getElementById('jaccepte').scrollIntoView()        \n        document.getElementById(_tag).play()\n    };\n    function doAccept() {\n        console.log( 'doAccept() : ENTER ! ');\n        document.querySelectorAll('.ifAccepted').forEach(e => { console.log( 'doAccept', e ); e.style.display='block';});\n        setTimeout( ()=>document.getElementById('jaccepte').scrollIntoView(), 100)\n        document.getElementById('2015VivreAvec').play();\n        \/\/ document.getElementById('accepted2').style.display='block';\n    };\n    window.addEventListener('load', ()=>{\n        document.querySelectorAll('.ifAccepted').forEach(e => { console.log( 'doAccept', e ); e.style.display='none';});\n    })\n\n<\/script>\n\n\n\n<p><\/p>\n","protected":false},"excerpt":{"rendered":"<p>( english version : here ) L&rsquo;association a r\u00e9alis\u00e9 en 2016 un film documentaire de 50 minutes sur \u00ab\u00a0Vivre avec l&rsquo;arthrogrypose\u00a0\u00bb sur diff\u00e9rents aspects m\u00e9dicaux ou pratiques. Ce film a \u00e9t\u00e9 financ\u00e9 et r\u00e9alis\u00e9 par l&rsquo;association alliance arthrogrypose qui en est donc propri\u00e9taire. Pour toute utilisation ( commerciale ou non) vous devez pr\u00e9alablement obtenir une [&hellip;]<\/p>\n","protected":false},"author":4,"featured_media":0,"parent":0,"menu_order":0,"comment_status":"closed","ping_status":"closed","template":"","meta":{"_et_pb_use_builder":"off","_et_pb_old_content":"","_et_gb_content_width":"","inline_featured_image":false,"footnotes":""},"class_list":["post-274","page","type-page","status-publish","hentry"],"_links":{"self":[{"href":"https:\/\/www.arthrogrypose.fr\/p\/wp-json\/wp\/v2\/pages\/274","targetHints":{"allow":["GET"]}}],"collection":[{"href":"https:\/\/www.arthrogrypose.fr\/p\/wp-json\/wp\/v2\/pages"}],"about":[{"href":"https:\/\/www.arthrogrypose.fr\/p\/wp-json\/wp\/v2\/types\/page"}],"author":[{"embeddable":true,"href":"https:\/\/www.arthrogrypose.fr\/p\/wp-json\/wp\/v2\/users\/4"}],"replies":[{"embeddable":true,"href":"https:\/\/www.arthrogrypose.fr\/p\/wp-json\/wp\/v2\/comments?post=274"}],"version-history":[{"count":16,"href":"https:\/\/www.arthrogrypose.fr\/p\/wp-json\/wp\/v2\/pages\/274\/revisions"}],"predecessor-version":[{"id":2684,"href":"https:\/\/www.arthrogrypose.fr\/p\/wp-json\/wp\/v2\/pages\/274\/revisions\/2684"}],"wp:attachment":[{"href":"https:\/\/www.arthrogrypose.fr\/p\/wp-json\/wp\/v2\/media?parent=274"}],"curies":[{"name":"wp","href":"https:\/\/api.w.org\/{rel}","templated":true}]}}