{"id":1172,"date":"2022-01-18T17:57:07","date_gmt":"2022-01-18T16:57:07","guid":{"rendered":"https:\/\/www.arthrogrypose.fr\/p\/?page_id=1172"},"modified":"2026-02-24T17:38:34","modified_gmt":"2026-02-24T16:38:34","slug":"temoignages-et-photos","status":"publish","type":"page","link":"https:\/\/www.arthrogrypose.fr\/p\/temoignages-et-photos\/","title":{"rendered":"T\u00e9moignages et photos"},"content":{"rendered":"\n<p>L&rsquo;association r\u00e9colte et publie depuis 2007 de nombreux t\u00e9moignages relatifs \u00e0 l&rsquo;Arthrogrypose, principalement sur l&rsquo;espace membre, r\u00e9serv\u00e9 aux adh\u00e9rents. Cependant, des t\u00e9moignages et photos illustrent les diff\u00e9rents articles de ce site public.<\/p>\n\n\n\n<h2 class=\"wp-block-heading\">Quelques photos extraites de notre film !<\/h2>\n\n\n\n<p class=\"has-text-align-center noJusitify\">Cliquer pour faire d\u00e9filer les photos en grand<\/p>\n\n\n\n<figure class=\"wp-block-gallery has-nested-images columns-6 is-cropped wp-block-gallery-1 is-layout-flex wp-block-gallery-is-layout-flex\">\n<figure class=\"wp-block-image size-medium\"><a href=\"https:\/\/www.arthrogrypose.fr\/p\/wp-content\/uploads\/2022\/04\/2011-Rallye1.jpg\"><img loading=\"lazy\" decoding=\"async\" width=\"300\" height=\"251\" data-id=\"1772\" src=\"https:\/\/www.arthrogrypose.fr\/p\/wp-content\/uploads\/2022\/04\/2011-Rallye1-300x251.jpg\" alt=\"\u00c9tudiante atteinte d'arthrogrypose participant \u00e0 un 4L rallye.\" class=\"wp-image-1772\"\/><\/a><\/figure>\n\n\n\n<figure class=\"wp-block-image size-medium\"><a href=\"https:\/\/www.arthrogrypose.fr\/p\/wp-content\/uploads\/2022\/01\/2015-10-WEAAA768x432.jpg\"><img loading=\"lazy\" decoding=\"async\" width=\"300\" height=\"169\" data-id=\"1299\" src=\"https:\/\/www.arthrogrypose.fr\/p\/wp-content\/uploads\/2022\/01\/2015-10-WEAAA768x432-300x169.jpg\" alt=\"Photo de groupe de notre rencontre des familles atteintes d'arthrogrypose en 2015\" class=\"wp-image-1299\"\/><\/a><\/figure>\n\n\n\n<figure class=\"wp-block-image size-medium\"><a href=\"https:\/\/www.arthrogrypose.fr\/p\/wp-content\/uploads\/2022\/01\/10JL-stimu-les-mains-2.jpg\"><img loading=\"lazy\" decoding=\"async\" width=\"300\" height=\"199\" data-id=\"1110\" src=\"https:\/\/www.arthrogrypose.fr\/p\/wp-content\/uploads\/2022\/01\/10JL-stimu-les-mains-2-300x199.jpg\" alt=\"B\u00e9b\u00e9 arthrogrypose en exercice de stimulation de la mobilit\u00e9\" class=\"wp-image-1110\"\/><\/a><\/figure>\n\n\n\n<figure class=\"wp-block-image size-medium\"><a href=\"https:\/\/www.arthrogrypose.fr\/p\/wp-content\/uploads\/2021\/11\/Screenshot-at-2018-06-25-212358.png\"><img loading=\"lazy\" decoding=\"async\" width=\"300\" height=\"169\" data-id=\"535\" src=\"https:\/\/www.arthrogrypose.fr\/p\/wp-content\/uploads\/2021\/11\/Screenshot-at-2018-06-25-212358-300x169.png\" alt=\"Deux jeunes filles atteintes d'arthrogrypose et se parlant entre elles\" class=\"wp-image-535\"\/><\/a><\/figure>\n\n\n\n<figure class=\"wp-block-image size-medium\"><a href=\"https:\/\/www.arthrogrypose.fr\/p\/wp-content\/uploads\/2021\/11\/Screenshot-at-2018-06-25-213107.png\"><img loading=\"lazy\" decoding=\"async\" width=\"300\" height=\"169\" data-id=\"534\" src=\"https:\/\/www.arthrogrypose.fr\/p\/wp-content\/uploads\/2021\/11\/Screenshot-at-2018-06-25-213107-300x169.png\" alt=\"Personne arthrogrypose r\u00e9ussissant \u00e0 faire du ski nautique\" class=\"wp-image-534\"\/><\/a><\/figure>\n\n\n\n<figure class=\"wp-block-image size-medium\"><a href=\"https:\/\/www.arthrogrypose.fr\/p\/wp-content\/uploads\/2021\/11\/Screenshot-at-2018-06-25-213333.png\"><img loading=\"lazy\" decoding=\"async\" width=\"300\" height=\"169\" data-id=\"533\" src=\"https:\/\/www.arthrogrypose.fr\/p\/wp-content\/uploads\/2021\/11\/Screenshot-at-2018-06-25-213333-300x169.png\" alt=\"3 personnes Arthrogrypose se rencontrant\" class=\"wp-image-533\"\/><\/a><\/figure>\n\n\n\n<figure class=\"wp-block-image size-medium\"><a href=\"https:\/\/www.arthrogrypose.fr\/p\/wp-content\/uploads\/2021\/11\/images0136.jpg\"><img loading=\"lazy\" decoding=\"async\" width=\"300\" height=\"169\" data-id=\"517\" src=\"https:\/\/www.arthrogrypose.fr\/p\/wp-content\/uploads\/2021\/11\/images0136-300x169.jpg\" alt=\"4 personnes atteintes d'arthrogrypose, se promenant ensemble\" class=\"wp-image-517\"\/><\/a><\/figure>\n\n\n\n<figure class=\"wp-block-image size-medium\"><a href=\"https:\/\/www.arthrogrypose.fr\/p\/wp-content\/uploads\/2021\/11\/images0143.jpg\"><img loading=\"lazy\" decoding=\"async\" width=\"300\" height=\"169\" data-id=\"516\" src=\"https:\/\/www.arthrogrypose.fr\/p\/wp-content\/uploads\/2021\/11\/images0143-300x169.jpg\" alt=\"enfant atteint d'arthrogrypose en train de jouer \u00e0 lancer un b\u00e2ton\" class=\"wp-image-516\"\/><\/a><\/figure>\n\n\n\n<figure class=\"wp-block-image size-medium\"><a href=\"https:\/\/www.arthrogrypose.fr\/p\/wp-content\/uploads\/2021\/11\/images0221.jpg\"><img loading=\"lazy\" decoding=\"async\" width=\"300\" height=\"169\" data-id=\"515\" src=\"https:\/\/www.arthrogrypose.fr\/p\/wp-content\/uploads\/2021\/11\/images0221-300x169.jpg\" alt=\"Enfant atteinte d'arthrogrypose, en maternelle\" class=\"wp-image-515\"\/><\/a><\/figure>\n\n\n\n<figure class=\"wp-block-image size-medium\"><a href=\"https:\/\/www.arthrogrypose.fr\/p\/wp-content\/uploads\/2021\/11\/images0684.jpg\"><img loading=\"lazy\" decoding=\"async\" width=\"300\" height=\"169\" data-id=\"513\" src=\"https:\/\/www.arthrogrypose.fr\/p\/wp-content\/uploads\/2021\/11\/images0684-300x169.jpg\" alt=\"Personne \u00e2g\u00e9e, atteinte d'arthrogrypose\" class=\"wp-image-513\"\/><\/a><\/figure>\n\n\n\n<figure class=\"wp-block-image size-medium\"><a href=\"https:\/\/www.arthrogrypose.fr\/p\/wp-content\/uploads\/2021\/11\/images0787.jpg\"><img loading=\"lazy\" decoding=\"async\" width=\"300\" height=\"169\" data-id=\"512\" src=\"https:\/\/www.arthrogrypose.fr\/p\/wp-content\/uploads\/2021\/11\/images0787-300x169.jpg\" alt=\"Adeline, fondatrice de l'association Alliance Arthrogrypose\" class=\"wp-image-512\"\/><\/a><\/figure>\n\n\n\n<figure class=\"wp-block-image size-medium\"><a href=\"https:\/\/www.arthrogrypose.fr\/p\/wp-content\/uploads\/2021\/11\/images1227.jpg\"><img loading=\"lazy\" decoding=\"async\" width=\"300\" height=\"169\" data-id=\"511\" src=\"https:\/\/www.arthrogrypose.fr\/p\/wp-content\/uploads\/2021\/11\/images1227-300x169.jpg\" alt=\"Adolescente atteinte d'arthrogrypose\" class=\"wp-image-511\"\/><\/a><\/figure>\n\n\n\n<figure class=\"wp-block-image size-medium\"><a href=\"https:\/\/www.arthrogrypose.fr\/p\/wp-content\/uploads\/2021\/11\/images1277.jpg\"><img loading=\"lazy\" decoding=\"async\" width=\"300\" height=\"169\" data-id=\"510\" src=\"https:\/\/www.arthrogrypose.fr\/p\/wp-content\/uploads\/2021\/11\/images1277-300x169.jpg\" alt=\"Gar\u00e7on atteint d'arthrogrypose\" class=\"wp-image-510\"\/><\/a><\/figure>\n\n\n\n<figure class=\"wp-block-image size-medium\"><a href=\"https:\/\/www.arthrogrypose.fr\/p\/wp-content\/uploads\/2021\/11\/images2093.jpg\"><img loading=\"lazy\" decoding=\"async\" width=\"300\" height=\"169\" data-id=\"504\" src=\"https:\/\/www.arthrogrypose.fr\/p\/wp-content\/uploads\/2021\/11\/images2093-300x169.jpg\" alt=\"Dr Klaus Dieterich, membre, fondateur du centre de r\u00e9f\u00e9rence arthrogrypose en 2007\" class=\"wp-image-504\"\/><\/a><\/figure>\n\n\n\n<figure class=\"wp-block-image size-medium\"><a href=\"https:\/\/www.arthrogrypose.fr\/p\/wp-content\/uploads\/2021\/11\/images2227.jpg\"><img loading=\"lazy\" decoding=\"async\" width=\"300\" height=\"169\" data-id=\"503\" src=\"https:\/\/www.arthrogrypose.fr\/p\/wp-content\/uploads\/2021\/11\/images2227-300x169.jpg\" alt=\"Pr Pierre-Simon Jouk, fondateur du centre de r\u00e9f\u00e9rence arthrogrypose en 2007 (en retraite)\" class=\"wp-image-503\"\/><\/a><\/figure>\n\n\n\n<figure class=\"wp-block-image size-medium\"><a href=\"https:\/\/www.arthrogrypose.fr\/p\/wp-content\/uploads\/2021\/11\/images2286.jpg\"><img loading=\"lazy\" decoding=\"async\" width=\"300\" height=\"169\" data-id=\"502\" src=\"https:\/\/www.arthrogrypose.fr\/p\/wp-content\/uploads\/2021\/11\/images2286-300x169.jpg\" alt=\"Petite fille atteinte d'arthrogrypose, en salle de maternelle, en motillo pour apprendre \u00e0 marcher\" class=\"wp-image-502\"\/><\/a><\/figure>\n\n\n\n<figure class=\"wp-block-image size-medium\"><a href=\"https:\/\/www.arthrogrypose.fr\/p\/wp-content\/uploads\/2021\/11\/images2423.jpg\"><img loading=\"lazy\" decoding=\"async\" width=\"300\" height=\"169\" data-id=\"501\" src=\"https:\/\/www.arthrogrypose.fr\/p\/wp-content\/uploads\/2021\/11\/images2423-300x169.jpg\" alt=\"Petite fille atteinte d'arthrogrypose, dans une cours de maternelle, en motillo pour apprendre \u00e0 marcher\" class=\"wp-image-501\"\/><\/a><\/figure>\n\n\n\n<figure class=\"wp-block-image size-medium\"><a href=\"https:\/\/www.arthrogrypose.fr\/p\/wp-content\/uploads\/2021\/11\/images2432.jpg\"><img loading=\"lazy\" decoding=\"async\" width=\"300\" height=\"169\" data-id=\"500\" src=\"https:\/\/www.arthrogrypose.fr\/p\/wp-content\/uploads\/2021\/11\/images2432-300x169.jpg\" alt=\"Petite fille atteinte d'arthrogrypose, dans une cours de maternelle, en motillo pour apprendre \u00e0 marcher\" class=\"wp-image-500\"\/><\/a><\/figure>\n\n\n\n<figure class=\"wp-block-image size-medium\"><a href=\"https:\/\/www.arthrogrypose.fr\/p\/wp-content\/uploads\/2021\/11\/images2707.jpg\"><img loading=\"lazy\" decoding=\"async\" width=\"300\" height=\"169\" data-id=\"498\" src=\"https:\/\/www.arthrogrypose.fr\/p\/wp-content\/uploads\/2021\/11\/images2707-300x169.jpg\" alt=\"Enfants atteints d'arthrogrypose en train de jouer au ping-pong\" class=\"wp-image-498\"\/><\/a><\/figure>\n\n\n\n<figure class=\"wp-block-image size-medium\"><a href=\"https:\/\/www.arthrogrypose.fr\/p\/wp-content\/uploads\/2021\/11\/images2710.jpg\"><img loading=\"lazy\" decoding=\"async\" width=\"300\" height=\"169\" data-id=\"497\" src=\"https:\/\/www.arthrogrypose.fr\/p\/wp-content\/uploads\/2021\/11\/images2710-300x169.jpg\" alt=\"Fille atteinte d'arthrogrypose\" class=\"wp-image-497\"\/><\/a><\/figure>\n\n\n\n<figure class=\"wp-block-image size-medium\"><a href=\"https:\/\/www.arthrogrypose.fr\/p\/wp-content\/uploads\/2021\/11\/images2855.jpg\"><img loading=\"lazy\" decoding=\"async\" width=\"300\" height=\"169\" data-id=\"495\" src=\"https:\/\/www.arthrogrypose.fr\/p\/wp-content\/uploads\/2021\/11\/images2855-300x169.jpg\" alt=\"Jeune femme atteinte d'arthrogrypose\" class=\"wp-image-495\"\/><\/a><\/figure>\n\n\n\n<figure class=\"wp-block-image size-medium\"><a href=\"https:\/\/www.arthrogrypose.fr\/p\/wp-content\/uploads\/2021\/11\/images3073.jpg\"><img loading=\"lazy\" decoding=\"async\" width=\"300\" height=\"169\" data-id=\"494\" src=\"https:\/\/www.arthrogrypose.fr\/p\/wp-content\/uploads\/2021\/11\/images3073-300x169.jpg\" alt=\"Jeune femme atteinte d'arthrogrypose animant une r\u00e9union de travail\" class=\"wp-image-494\"\/><\/a><\/figure>\n\n\n\n<figure class=\"wp-block-image size-medium\"><a href=\"https:\/\/www.arthrogrypose.fr\/p\/wp-content\/uploads\/2021\/11\/images3210.jpg\"><img loading=\"lazy\" decoding=\"async\" width=\"300\" height=\"169\" data-id=\"493\" src=\"https:\/\/www.arthrogrypose.fr\/p\/wp-content\/uploads\/2021\/11\/images3210-300x169.jpg\" alt=\"Jeune femme atteinte d'arthrogrypose\" class=\"wp-image-493\"\/><\/a><\/figure>\n\n\n\n<figure class=\"wp-block-image size-medium\"><a href=\"https:\/\/www.arthrogrypose.fr\/p\/wp-content\/uploads\/2021\/11\/images3493.jpg\"><img loading=\"lazy\" decoding=\"async\" width=\"300\" height=\"169\" data-id=\"492\" src=\"https:\/\/www.arthrogrypose.fr\/p\/wp-content\/uploads\/2021\/11\/images3493-300x169.jpg\" alt=\"Adolescente atteinte d'arthrogrypose\" class=\"wp-image-492\"\/><\/a><\/figure>\n\n\n\n<figure class=\"wp-block-image size-medium\"><a href=\"https:\/\/www.arthrogrypose.fr\/p\/wp-content\/uploads\/2021\/11\/images3580.jpg\"><img loading=\"lazy\" decoding=\"async\" width=\"300\" height=\"169\" data-id=\"491\" src=\"https:\/\/www.arthrogrypose.fr\/p\/wp-content\/uploads\/2021\/11\/images3580-300x169.jpg\" alt=\"Adolescente atteinte d'arthrogrypose\" class=\"wp-image-491\"\/><\/a><\/figure>\n\n\n\n<figure class=\"wp-block-image size-medium\"><a href=\"https:\/\/www.arthrogrypose.fr\/p\/wp-content\/uploads\/2021\/11\/images3887.jpg\"><img loading=\"lazy\" decoding=\"async\" width=\"300\" height=\"169\" data-id=\"490\" src=\"https:\/\/www.arthrogrypose.fr\/p\/wp-content\/uploads\/2021\/11\/images3887-300x169.jpg\" alt=\"M\u00e8re atteinte d'arthrogrypose\" class=\"wp-image-490\"\/><\/a><\/figure>\n\n\n\n<figure class=\"wp-block-image size-medium\"><a href=\"https:\/\/www.arthrogrypose.fr\/p\/wp-content\/uploads\/2021\/11\/images4031.jpg\"><img loading=\"lazy\" decoding=\"async\" width=\"300\" height=\"169\" data-id=\"488\" src=\"https:\/\/www.arthrogrypose.fr\/p\/wp-content\/uploads\/2021\/11\/images4031-300x169.jpg\" alt=\"Adulte en fauteil atteint par arthrogrypose, accompagn\u00e9 d'un chien d'aide\" class=\"wp-image-488\"\/><\/a><\/figure>\n\n\n\n<figure class=\"wp-block-image size-medium\"><a href=\"https:\/\/www.arthrogrypose.fr\/p\/wp-content\/uploads\/2021\/11\/images4346.jpg\"><img loading=\"lazy\" decoding=\"async\" width=\"300\" height=\"169\" data-id=\"487\" src=\"https:\/\/www.arthrogrypose.fr\/p\/wp-content\/uploads\/2021\/11\/images4346-300x169.jpg\" alt=\"Jeune femme atteinte d'arthrogrypose et bec de li\u00e8vre\" class=\"wp-image-487\"\/><\/a><\/figure>\n\n\n\n<figure class=\"wp-block-image size-medium\"><a href=\"https:\/\/www.arthrogrypose.fr\/p\/wp-content\/uploads\/2021\/11\/images4536.jpg\"><img loading=\"lazy\" decoding=\"async\" width=\"300\" height=\"169\" data-id=\"486\" src=\"https:\/\/www.arthrogrypose.fr\/p\/wp-content\/uploads\/2021\/11\/images4536-300x169.jpg\" alt=\"Jeune femme atteinte d'arthrogrypose, en fauteuil, et m\u00e8re\" class=\"wp-image-486\"\/><\/a><\/figure>\n\n\n\n<figure class=\"wp-block-image size-medium\"><a href=\"https:\/\/www.arthrogrypose.fr\/p\/wp-content\/uploads\/2021\/11\/images4689.jpg\"><img loading=\"lazy\" decoding=\"async\" width=\"300\" height=\"169\" data-id=\"485\" src=\"https:\/\/www.arthrogrypose.fr\/p\/wp-content\/uploads\/2021\/11\/images4689-300x169.jpg\" alt=\"Jeune femme atteinte d'arthrogrypose, en fauteuil, donnant le biberon \u00e0 son b\u00e9b\u00e9\" class=\"wp-image-485\"\/><\/a><\/figure>\n\n\n\n<figure class=\"wp-block-image size-medium\"><a href=\"https:\/\/www.arthrogrypose.fr\/p\/wp-content\/uploads\/2021\/11\/images4701.jpg\"><img loading=\"lazy\" decoding=\"async\" width=\"300\" height=\"169\" data-id=\"484\" src=\"https:\/\/www.arthrogrypose.fr\/p\/wp-content\/uploads\/2021\/11\/images4701-300x169.jpg\" alt=\"Jeune femme atteinte d'arthrogrypose, assise avec son b\u00e9b\u00e9\" class=\"wp-image-484\"\/><\/a><\/figure>\n\n\n\n<figure class=\"wp-block-image size-medium\"><a href=\"https:\/\/www.arthrogrypose.fr\/p\/wp-content\/uploads\/2021\/11\/images4702.jpg\"><img loading=\"lazy\" decoding=\"async\" width=\"300\" height=\"169\" data-id=\"483\" src=\"https:\/\/www.arthrogrypose.fr\/p\/wp-content\/uploads\/2021\/11\/images4702-300x169.jpg\" alt=\"Jeune femme atteinte d'arthrogrypose, en fauteuil, se d\u00e9pla\u00e7ant avec son b\u00e9b\u00e9\" class=\"wp-image-483\"\/><\/a><\/figure>\n\n\n\n<figure class=\"wp-block-image size-medium\"><a href=\"https:\/\/www.arthrogrypose.fr\/p\/wp-content\/uploads\/2021\/11\/images4893.jpg\"><img loading=\"lazy\" decoding=\"async\" width=\"300\" height=\"169\" data-id=\"482\" src=\"https:\/\/www.arthrogrypose.fr\/p\/wp-content\/uploads\/2021\/11\/images4893-300x169.jpg\" alt=\"Jeune femme atteinte d'arthrogrypose, se d\u00e9pla\u00e7ant en fauteuil roulant dans le tramway de Grenoble\" class=\"wp-image-482\"\/><\/a><\/figure>\n\n\n\n<figure class=\"wp-block-image size-medium\"><a href=\"https:\/\/www.arthrogrypose.fr\/p\/wp-content\/uploads\/2021\/11\/images4910.jpg\"><img loading=\"lazy\" decoding=\"async\" width=\"300\" height=\"169\" data-id=\"481\" src=\"https:\/\/www.arthrogrypose.fr\/p\/wp-content\/uploads\/2021\/11\/images4910-300x169.jpg\" alt=\"Jeune femme atteinte d'arthrogrypose, se d\u00e9pla\u00e7ant en fauteuil roulant \u00e0 l'universit\u00e9 de Grenoble\" class=\"wp-image-481\"\/><\/a><\/figure>\n\n\n\n<figure class=\"wp-block-image size-medium\"><a href=\"https:\/\/www.arthrogrypose.fr\/p\/wp-content\/uploads\/2021\/11\/images5023-e1657634380461.jpg\"><img loading=\"lazy\" decoding=\"async\" width=\"300\" height=\"169\" data-id=\"479\" src=\"https:\/\/www.arthrogrypose.fr\/p\/wp-content\/uploads\/2021\/11\/images5023-e1657634380461-300x169.jpg\" alt=\"Jeune femme atteinte d'arthrogrypose, au travail dans un bureau\" class=\"wp-image-479\"\/><\/a><\/figure>\n\n\n\n<figure class=\"wp-block-image size-medium\"><a href=\"https:\/\/www.arthrogrypose.fr\/p\/wp-content\/uploads\/2021\/11\/images5036.jpg\"><img loading=\"lazy\" decoding=\"async\" width=\"300\" height=\"169\" data-id=\"478\" src=\"https:\/\/www.arthrogrypose.fr\/p\/wp-content\/uploads\/2021\/11\/images5036-300x169.jpg\" alt=\"Jeune femme atteinte d'arthrogrypose riant avec ses amis \u00e0 la terrasse d'un caf\u00e9.\" class=\"wp-image-478\"\/><\/a><\/figure>\n\n\n\n<figure class=\"wp-block-image size-medium\"><a href=\"https:\/\/www.arthrogrypose.fr\/p\/wp-content\/uploads\/2021\/11\/images5214.jpg\"><img loading=\"lazy\" decoding=\"async\" width=\"300\" height=\"169\" data-id=\"477\" src=\"https:\/\/www.arthrogrypose.fr\/p\/wp-content\/uploads\/2021\/11\/images5214-300x169.jpg\" alt=\"Fillette atteinte d'arthrogrypose, se promenant en fauteuil avec une amie.\" class=\"wp-image-477\"\/><\/a><\/figure>\n\n\n\n<figure class=\"wp-block-image size-medium\"><a href=\"https:\/\/www.arthrogrypose.fr\/p\/wp-content\/uploads\/2021\/11\/images5266-e1657634238569.jpg\"><img loading=\"lazy\" decoding=\"async\" width=\"300\" height=\"169\" data-id=\"474\" src=\"https:\/\/www.arthrogrypose.fr\/p\/wp-content\/uploads\/2021\/11\/images5266-e1657634238569-300x169.jpg\" alt=\"Groupes de personnes conversant, dont certaines atteintes d'arthrogrypose.\" class=\"wp-image-474\"\/><\/a><\/figure>\n\n\n\n<figure class=\"wp-block-image size-medium\"><a href=\"https:\/\/www.arthrogrypose.fr\/p\/wp-content\/uploads\/2021\/11\/images5311.jpg\"><img loading=\"lazy\" decoding=\"async\" width=\"300\" height=\"169\" data-id=\"473\" src=\"https:\/\/www.arthrogrypose.fr\/p\/wp-content\/uploads\/2021\/11\/images5311-300x169.jpg\" alt=\"Adolescente atteinte d'arthrogrypose, jouant aux raquettes\" class=\"wp-image-473\"\/><\/a><\/figure>\n\n\n\n<figure class=\"wp-block-image size-medium\"><a href=\"https:\/\/www.arthrogrypose.fr\/p\/wp-content\/uploads\/2021\/11\/images5335.jpg\"><img loading=\"lazy\" decoding=\"async\" width=\"300\" height=\"169\" data-id=\"472\" src=\"https:\/\/www.arthrogrypose.fr\/p\/wp-content\/uploads\/2021\/11\/images5335-300x169.jpg\" alt=\"Jeune femme atteinte d'arthrogrypose, se d\u00e9pla\u00e7ant en fauteuil sur un trotoir\" class=\"wp-image-472\"\/><\/a><\/figure>\n\n\n\n<figure class=\"wp-block-image size-medium\"><a href=\"https:\/\/www.arthrogrypose.fr\/p\/wp-content\/uploads\/2021\/11\/images5602.jpg\"><img loading=\"lazy\" decoding=\"async\" width=\"300\" height=\"169\" data-id=\"470\" src=\"https:\/\/www.arthrogrypose.fr\/p\/wp-content\/uploads\/2021\/11\/images5602-300x169.jpg\" alt=\"Fille atteinte d'arthrogrypose\" class=\"wp-image-470\"\/><\/a><\/figure>\n\n\n\n<figure class=\"wp-block-image size-medium\"><a href=\"https:\/\/www.arthrogrypose.fr\/p\/wp-content\/uploads\/2021\/11\/images5620.jpg\"><img loading=\"lazy\" decoding=\"async\" width=\"300\" height=\"169\" data-id=\"469\" src=\"https:\/\/www.arthrogrypose.fr\/p\/wp-content\/uploads\/2021\/11\/images5620-300x169.jpg\" alt=\"Gar\u00e7on, atteint d'arthrogrypose\" class=\"wp-image-469\"\/><\/a><\/figure>\n\n\n\n<figure class=\"wp-block-image size-medium\"><a href=\"https:\/\/www.arthrogrypose.fr\/p\/wp-content\/uploads\/2021\/11\/images5625.jpg\"><img loading=\"lazy\" decoding=\"async\" width=\"300\" height=\"169\" data-id=\"467\" src=\"https:\/\/www.arthrogrypose.fr\/p\/wp-content\/uploads\/2021\/11\/images5625-300x169.jpg\" alt=\"Adolescente atteinte d'arthrogrypose\" class=\"wp-image-467\"\/><\/a><\/figure>\n\n\n\n<figure class=\"wp-block-image size-medium\"><a href=\"https:\/\/www.arthrogrypose.fr\/p\/wp-content\/uploads\/2021\/11\/images5587.jpg\"><img loading=\"lazy\" decoding=\"async\" width=\"300\" height=\"169\" data-id=\"471\" src=\"https:\/\/www.arthrogrypose.fr\/p\/wp-content\/uploads\/2021\/11\/images5587-300x169.jpg\" alt=\"Jeune femme atteinte d'arthrogrypose, en fauteuil devant les montagnes grenobloises\" class=\"wp-image-471\"\/><\/a><\/figure>\n\n\n\n<figure class=\"wp-block-image size-medium\"><a href=\"https:\/\/www.arthrogrypose.fr\/p\/wp-content\/uploads\/2021\/11\/images5655.jpg\"><img loading=\"lazy\" decoding=\"async\" width=\"300\" height=\"169\" data-id=\"466\" src=\"https:\/\/www.arthrogrypose.fr\/p\/wp-content\/uploads\/2021\/11\/images5655-300x169.jpg\" alt=\"Jeune homme atteint d'arthogrypose\" class=\"wp-image-466\"\/><\/a><\/figure>\n\n\n\n<figure class=\"wp-block-image size-medium\"><a href=\"https:\/\/www.arthrogrypose.fr\/p\/wp-content\/uploads\/2021\/11\/images5661.jpg\"><img loading=\"lazy\" decoding=\"async\" width=\"300\" height=\"169\" data-id=\"465\" src=\"https:\/\/www.arthrogrypose.fr\/p\/wp-content\/uploads\/2021\/11\/images5661-300x169.jpg\" alt=\"Deux hommes atteints d'arthrogrypose\" class=\"wp-image-465\"\/><\/a><\/figure>\n\n\n\n<figure class=\"wp-block-image size-medium\"><a href=\"https:\/\/www.arthrogrypose.fr\/p\/wp-content\/uploads\/2021\/11\/images5792.jpg\"><img loading=\"lazy\" decoding=\"async\" width=\"300\" height=\"169\" data-id=\"463\" src=\"https:\/\/www.arthrogrypose.fr\/p\/wp-content\/uploads\/2021\/11\/images5792-300x169.jpg\" alt=\"Gar\u00e7on atteint d'arthrogrypose en train de jouer\" class=\"wp-image-463\"\/><\/a><\/figure>\n\n\n\n<figure class=\"wp-block-image size-medium\"><a href=\"https:\/\/www.arthrogrypose.fr\/p\/wp-content\/uploads\/2021\/11\/images5922.jpg\"><img loading=\"lazy\" decoding=\"async\" width=\"300\" height=\"169\" data-id=\"461\" src=\"https:\/\/www.arthrogrypose.fr\/p\/wp-content\/uploads\/2021\/11\/images5922-300x169.jpg\" alt=\"Jeune femme atteinte d'arthrogrypose travaillant sur son ordinateur au bureau.\" class=\"wp-image-461\"\/><\/a><\/figure>\n\n\n\n<figure class=\"wp-block-image size-medium\"><a href=\"https:\/\/www.arthrogrypose.fr\/p\/wp-content\/uploads\/2021\/11\/images5961.jpg\"><img loading=\"lazy\" decoding=\"async\" width=\"300\" height=\"169\" data-id=\"460\" src=\"https:\/\/www.arthrogrypose.fr\/p\/wp-content\/uploads\/2021\/11\/images5961-300x169.jpg\" alt=\"Adolescent atteint d'arthrogrypose\" class=\"wp-image-460\"\/><\/a><\/figure>\n\n\n\n<figure class=\"wp-block-image size-medium\"><a href=\"https:\/\/www.arthrogrypose.fr\/p\/wp-content\/uploads\/2021\/11\/images5993.jpg\"><img loading=\"lazy\" decoding=\"async\" width=\"300\" height=\"169\" data-id=\"459\" src=\"https:\/\/www.arthrogrypose.fr\/p\/wp-content\/uploads\/2021\/11\/images5993-300x169.jpg\" alt=\"Jeune femme atteinte d'arthrogrypose, parlant des joies de sa maternit\u00e9.\" class=\"wp-image-459\"\/><\/a><\/figure>\n\n\n\n<figure class=\"wp-block-image size-medium\"><a href=\"https:\/\/www.arthrogrypose.fr\/p\/wp-content\/uploads\/2021\/11\/Screenshot-at-2018-06-25-212109.jpg\"><img loading=\"lazy\" decoding=\"async\" width=\"300\" height=\"169\" data-id=\"272\" src=\"https:\/\/www.arthrogrypose.fr\/p\/wp-content\/uploads\/2021\/11\/Screenshot-at-2018-06-25-212109-300x169.jpg\" alt=\"Enfant atteint d'arthrogrypose dans sa classe de maternelle.\" class=\"wp-image-272\"\/><\/a><\/figure>\n\n\n\n<figure class=\"wp-block-image size-medium\"><a href=\"https:\/\/www.arthrogrypose.fr\/p\/wp-content\/uploads\/2022\/04\/2014-Pascal-B-Tracteur2.jpg\"><img loading=\"lazy\" decoding=\"async\" width=\"300\" height=\"169\" data-id=\"1851\" src=\"https:\/\/www.arthrogrypose.fr\/p\/wp-content\/uploads\/2022\/04\/2014-Pascal-B-Tracteur2-300x169.jpg\" alt=\"Agriculteur atteint d'arthrogrypose, conduisant un engin agricole.\" class=\"wp-image-1851\"\/><\/a><\/figure>\n\n\n\n<figure class=\"wp-block-image size-medium\"><a href=\"https:\/\/www.arthrogrypose.fr\/p\/wp-content\/uploads\/2021\/11\/Screenshot-at-2018-06-25-213301.jpg\"><img loading=\"lazy\" decoding=\"async\" width=\"300\" height=\"169\" data-id=\"264\" src=\"https:\/\/www.arthrogrypose.fr\/p\/wp-content\/uploads\/2021\/11\/Screenshot-at-2018-06-25-213301-300x169.jpg\" alt=\"Jeune femme atteinte d'arthrogrypose au travail dans un bureau.\" class=\"wp-image-264\"\/><\/a><\/figure>\n\n\n\n<figure class=\"wp-block-image size-medium\"><a href=\"https:\/\/www.arthrogrypose.fr\/p\/wp-content\/uploads\/2021\/11\/Screenshot-at-2018-06-25-213147.jpg\"><img loading=\"lazy\" decoding=\"async\" width=\"300\" height=\"169\" data-id=\"265\" src=\"https:\/\/www.arthrogrypose.fr\/p\/wp-content\/uploads\/2021\/11\/Screenshot-at-2018-06-25-213147-300x169.jpg\" alt=\"Jeune artiste atteinte d'arthrogrypose, peintre de la bouche\" class=\"wp-image-265\"\/><\/a><\/figure>\n<figcaption class=\"blocks-gallery-caption wp-element-caption\">Cliquer pour faire d\u00e9filer les photos en grand<\/figcaption><\/figure>\n\n\n\n<h2 class=\"wp-block-heading\" id=\"documentaire-vivre-avec-l-arthrogrypose-2015\">Documentaire : Vivre avec l&rsquo;arthrogrypose (2015)<\/h2>\n\n\n\n<p>Retrouvez certains t\u00e9moins dans notre documentaire : vivre avec l&rsquo;arthrogrypose (acc\u00e8s public)<\/p>\n\n\n\n<figure class=\"wp-block-image size-large\"><a href=\"https:\/\/www.arthrogrypose.fr\/p\/documentaire\/\"><img loading=\"lazy\" decoding=\"async\" width=\"1024\" height=\"571\" src=\"https:\/\/www.arthrogrypose.fr\/p\/wp-content\/uploads\/2022\/01\/VivreAvec-1024x571.jpg\" alt=\"\" class=\"wp-image-1175\" srcset=\"https:\/\/www.arthrogrypose.fr\/p\/wp-content\/uploads\/2022\/01\/VivreAvec-1024x571.jpg 1024w, https:\/\/www.arthrogrypose.fr\/p\/wp-content\/uploads\/2022\/01\/VivreAvec-980x547.jpg 980w, https:\/\/www.arthrogrypose.fr\/p\/wp-content\/uploads\/2022\/01\/VivreAvec-480x268.jpg 480w\" sizes=\"(min-width: 0px) and (max-width: 480px) 480px, (min-width: 481px) and (max-width: 980px) 980px, (min-width: 981px) 1024px, 100vw\" \/><\/a><figcaption class=\"wp-element-caption\">Notre documentaire Vivre Avec<\/figcaption><\/figure>\n\n\n\n<h2 class=\"wp-block-heading\" id=\"temoignages-depuis-2010\">T\u00e9moignages film\u00e9s lors de nos week-end rencontres<\/h2>\n\n\n\n<figure class=\"wp-block-image size-large\"><img loading=\"lazy\" decoding=\"async\" width=\"1024\" height=\"576\" src=\"https:\/\/www.arthrogrypose.fr\/p\/wp-content\/uploads\/2023\/01\/videotheque-1024x576.jpg\" alt=\"\" class=\"wp-image-2263\" srcset=\"https:\/\/www.arthrogrypose.fr\/p\/wp-content\/uploads\/2023\/01\/videotheque-980x551.jpg 980w, https:\/\/www.arthrogrypose.fr\/p\/wp-content\/uploads\/2023\/01\/videotheque-480x270.jpg 480w\" sizes=\"(min-width: 0px) and (max-width: 480px) 480px, (min-width: 481px) and (max-width: 980px) 980px, (min-width: 981px) 1024px, 100vw\" \/><\/figure>\n\n\n\n<p>Dans <a href=\"\/a\/videotheque\">la vid\u00e9oth\u00e8que de l&rsquo;espace membre \u24dc,<\/a> vous pouvez retrouver des s\u00e9quences film\u00e9es lors de nos week-ends : conf\u00e9rences scientifiques, psychologiques ou t\u00e9moignages de participants.<\/p>\n\n\n\n<p><\/p>\n\n\n\n<h2 class=\"wp-block-heading\" id=\"temoignages-depuis-2010\">T\u00e9moignages depuis 2010<\/h2>\n\n\n\n<p>Avec la cr\u00e9ation de l&rsquo;association Alliance Arthrogrypose en 2005, et l&rsquo;\u00e9laboration d&rsquo;une gazette \u00e0 partir de 2010,<br>les t\u00e9moignages \u00e9crits sont regroup\u00e9s \u00e0 partir de cette date dans des \u00ab\u00a0gazettes\u00a0\u00bb semestrielles.<br>Retrouvez plus de 20 gazettes dans l&rsquo;espace r\u00e9serv\u00e9 aux adh\u00e9rents de l&rsquo;association dans l&rsquo;<a href=\"\/a\/gazettes\/\">espace membre \u24dc<\/a><\/p>\n\n\n\n<figure class=\"wp-block-image size-full\"><a href=\"\/gazette\/\"><img loading=\"lazy\" decoding=\"async\" width=\"622\" height=\"466\" src=\"https:\/\/www.arthrogrypose.fr\/p\/wp-content\/uploads\/2022\/01\/Gazette-cover.jpg\" alt=\"\" class=\"wp-image-1174\" srcset=\"https:\/\/www.arthrogrypose.fr\/p\/wp-content\/uploads\/2022\/01\/Gazette-cover.jpg 622w, https:\/\/www.arthrogrypose.fr\/p\/wp-content\/uploads\/2022\/01\/Gazette-cover-480x360.jpg 480w\" sizes=\"(min-width: 0px) and (max-width: 480px) 480px, (min-width: 481px) 622px, 100vw\" \/><\/a><\/figure>\n\n\n\n<p>Les articles de la gazette sont \u00e9galement accessibles dans la m\u00e9diath\u00e8que de l&rsquo;<a href=\"\/a\/mediatheque\/?filter=%22%23Primo%22\" target=\"_blank\" rel=\"noreferrer noopener nofollow\">espace membre \u24dc<\/a>, avec filtrages par mots cl\u00e9s :<\/p>\n\n\n\n<figure class=\"wp-block-image size-full\"><img loading=\"lazy\" decoding=\"async\" width=\"992\" height=\"478\" src=\"https:\/\/www.arthrogrypose.fr\/p\/wp-content\/uploads\/2022\/05\/mediatheque.jpg\" alt=\"\" class=\"wp-image-1932\" srcset=\"https:\/\/www.arthrogrypose.fr\/p\/wp-content\/uploads\/2022\/05\/mediatheque.jpg 992w, https:\/\/www.arthrogrypose.fr\/p\/wp-content\/uploads\/2022\/05\/mediatheque-980x472.jpg 980w, https:\/\/www.arthrogrypose.fr\/p\/wp-content\/uploads\/2022\/05\/mediatheque-480x231.jpg 480w\" sizes=\"(min-width: 0px) and (max-width: 480px) 480px, (min-width: 481px) and (max-width: 980px) 980px, (min-width: 981px) 992px, 100vw\" \/><\/figure>\n\n\n\n<p><\/p>\n\n\n\n<h2 class=\"wp-block-heading\" id=\"temoignages-de-2002-a-2008\">T\u00e9moignages de 2002 \u00e0 2008<\/h2>\n\n\n\n<p>Retrouvez les t\u00e9moignages (2002-2008) de l&rsquo;ancien site personnel d&rsquo;Adeline Loguiot-Bozie arthrogrypose.com d&rsquo;avant l&rsquo;association, sauvegard\u00e9 dans notre espace r\u00e9serv\u00e9 aux membres : <a href=\"http:\/\/www.arthrogrypose.fr\/com\/pages\/luan_accueilpag.html\" target=\"_blank\" rel=\"noreferrer noopener nofollow\">https:\/\/www.arthrogrypose.fr\/com\/<\/a><\/p>\n\n\n\n<figure class=\"wp-block-image size-full\"><a href=\"https:\/\/www.arthrogrypose.fr\/a\/com\/pages\/luan_accueilpag.html\" target=\"_blank\" rel=\"noopener\"><img loading=\"lazy\" decoding=\"async\" width=\"800\" height=\"640\" src=\"https:\/\/www.arthrogrypose.fr\/p\/wp-content\/uploads\/2022\/01\/Temoignages-arthrogrypose-Adeline.jpg\" alt=\"Page Temoignages-\nArthrogrypose.com par Adeline\" class=\"wp-image-1173\" srcset=\"https:\/\/www.arthrogrypose.fr\/p\/wp-content\/uploads\/2022\/01\/Temoignages-arthrogrypose-Adeline.jpg 800w, https:\/\/www.arthrogrypose.fr\/p\/wp-content\/uploads\/2022\/01\/Temoignages-arthrogrypose-Adeline-480x384.jpg 480w\" sizes=\"(min-width: 0px) and (max-width: 480px) 480px, (min-width: 481px) 800px, 100vw\" \/><\/a><\/figure>\n\n\n\n<p><\/p>\n\n\n\n<h2 class=\"wp-block-heading\">Oui, c&rsquo;est possible !<\/h2>\n\n\n\n<figure class=\"wp-block-image size-large\"><img loading=\"lazy\" decoding=\"async\" width=\"1024\" height=\"576\" src=\"https:\/\/www.arthrogrypose.fr\/p\/wp-content\/uploads\/2021\/10\/Screenshot-at-2018-06-25-213107-1024x576.png\" alt=\"\" class=\"wp-image-161\" srcset=\"https:\/\/www.arthrogrypose.fr\/p\/wp-content\/uploads\/2021\/10\/Screenshot-at-2018-06-25-213107-980x551.png 980w, https:\/\/www.arthrogrypose.fr\/p\/wp-content\/uploads\/2021\/10\/Screenshot-at-2018-06-25-213107-480x270.png 480w\" sizes=\"(min-width: 0px) and (max-width: 480px) 480px, (min-width: 481px) and (max-width: 980px) 980px, (min-width: 981px) 1024px, 100vw\" \/><\/figure>\n\n\n\n<p>A la naissance d&rsquo;un enfant arthrogrypose, les parents essaient de se projeter dans l&rsquo;avenir et pensent \u00e0 tout ce que leur enfant ne pourra pas faire. Cependant, les personnes arthrogrypose sont souvent tr\u00e8s volontaristes, et finalement, font parfois des choses qui paraissaient impossibles&#8230;Ils publient parfois dans nos gazettes des r\u00e9cits de leurs \u00ab\u00a0exploits\u00a0\u00bb. Nous en avons choisis 7, et en publions ci-dessous un diff\u00e9rent chaque jour de la semaine.<\/p>\n\n\n\n<p>Vous trouverez dans notre <a href=\"https:\/\/www.arthrogrypose.fr\/p\/documentaire\/\">vid\u00e9o \u00ab\u00a0Vivre Avec\u00a0\u00bb<\/a> de multiples t\u00e9moignages et, mieux que des mots, des images de ce l&rsquo;on peut faire en \u00e9tant atteint d&rsquo;arthrogrypose. Oui, c&rsquo;est possible !<\/p>\n\n\n\n<p>N&rsquo;h\u00e9sitez pas \u00e0 <a href=\"https:\/\/www.arthrogrypose.fr\/adherer\">adh\u00e9rer et soutenir l&rsquo;association<\/a> pour acc\u00e9der \u00e0 tous les t\u00e9moignages (vid\u00e9o et \u00e9crits) dans notre espace membre !<\/p>\n\n\n\n<p><\/p>\n\n\n\n<p><\/p>\n\n\n\n<p><\/p>\n\n\n\n<div class=\"wp-block-group cestPossible cestPossible1 is-layout-flow wp-block-group-is-layout-flow\">\n<h2 class=\"wp-block-heading\" id=\"histoire-1\">Lundi : Dix \u00e9tapes pour le permis de conduire adapt\u00e9<\/h2>\n\n\n\n<p class=\"has-text-align-right noJustify\"><em>r\u00e9cit extrait de notre gazette gazette n\u00b04 de 2011<\/em><\/p>\n\n\n\n<p>Comme pour nos autres enfants, nous avons souhait\u00e9 que Juliette passe son permis de conduire en conduite accompagn\u00e9e. Pour l\u2019obtention de son permis, plusieurs \u00e9tapes ont \u00e9t\u00e9 franchies. Pour information, toutes ces \u00e9tapes sont propres au parcours de Juliette : selon le degr\u00e9 d\u2019autonomie, la proc\u00e9dure peut \u00eatre diff\u00e9rente. Et selon votre d\u00e9partement, les d\u00e9marches de la MDPH ( Maison D\u00e9partementale des \u00a8Personnes Handicap\u00e9es ) peuvent \u00eatre diff\u00e9rentes\u2026<br>Accrochez votre ceinture et c\u2019est parti :<\/p>\n\n\n\n<h3 class=\"wp-block-heading\">1\u00e8re \u00e9tape&nbsp;: l\u2019auto-\u00e9cole<\/h3>\n\n\n\n<p>Il faut d\u2019abord trouver une auto-\u00e9cole agr\u00e9\u00e9e pour personne en situation de handicap ; nous avons eu la chance d&rsquo;en avoir une sur\u2026 notre quartier !!!<\/p>\n\n\n\n<h3 class=\"wp-block-heading\">2\u00e8me \u00e9tape&nbsp;: la convocation<\/h3>\n\n\n\n<p>Apr\u00e8s ouverture du dossier, Juliette a \u00e9t\u00e9 tr\u00e8s vite convoqu\u00e9e \u00e0 une visite m\u00e9dicale \u00e0 la pr\u00e9fecture afin d&rsquo;\u00e9tablir les am\u00e9nagements dont elle a besoin. C&rsquo;est l&rsquo;auto-\u00e9cole qui en fait la demande.<br>Nous n&rsquo;avons pas tr\u00e8s bien v\u00e9cu ce moment\u2026 Car d&rsquo;une part, la visite s\u2019est pass\u00e9e uniquement avec Juliette, en pr\u00e9sence de deux m\u00e9decins qui, bien s\u00fbr ,ne connaissent pas l&rsquo;arthrogrypose (ils m&rsquo;ont invit\u00e9e \u00e0 rester en salle d&rsquo;attente !!! dur dur pour une m\u00e8re infirmi\u00e8re) et, d&rsquo;autre part, elle est sortie avec une liste de codes d&rsquo;am\u00e9nagements du v\u00e9hicule, persuad\u00e9e qu&rsquo;elle ne pourrait jamais atteindre les p\u00e9dales\u2026 (Juliette mesure seulement 1m42 !!).<\/p>\n\n\n\n<h3 class=\"wp-block-heading\">3\u00e8me \u00e9tape&nbsp;: l\u2019\u00e9quipement<\/h3>\n\n\n\n<p>Au retour, \u00e0 la lecture de cette liste, l&rsquo;auto-\u00e9cole nous a orient\u00e9es vers une personne responsable des am\u00e9nagements. Rencontre avec cette personne, essais sur voiture et \u00e9laboration d\u2019un devis\u2026<br>En gros, pour Juliette il fallait : bo\u00eete automatique, boule sur volant, rehausse p\u00e9dale ou acc\u00e9l\u00e9rateur au volant.<\/p>\n\n\n\n<h3 class=\"wp-block-heading\">4\u00e8me \u00e9tape&nbsp;: la course aux devis<\/h3>\n\n\n\n<p>Nous avons souhait\u00e9 rencontrer d&rsquo;autres installateurs et nous avons trouv\u00e9 des adresses via le salon du handicap \u00e0 Lyon.<br>Nouveaux essais + devis. Pour information, il est vivement conseill\u00e9 de faire plusieurs devis : pour nous, la diff\u00e9rence de prix et de mat\u00e9riels \u00e9taient surtout pour l\u2019installation de la grue pour son fauteuil \u00e9lectrique. Pour le reste : boule volant, boite automatique\u2026 Les tarifs \u00e9taient homog\u00e8nes.<\/p>\n\n\n\n<h3 class=\"wp-block-heading\">5\u00e8me \u00e9tape&nbsp;: le dossier<\/h3>\n\n\n\n<p>Choix de l\u2019installateur et montage du dossier MDPH avec demande de PCH ( Prestation de Compensation du Handicap ) pour l\u2019achat et l\u2019am\u00e9nagement du v\u00e9hicule. Il faut attendre la r\u00e9ponse de la MDPH avant de se lancer dans les achats et travaux.<\/p>\n\n\n\n<h3 class=\"wp-block-heading\">6\u00e8me \u00e9tape&nbsp;: le v\u00e9hicule<\/h3>\n\n\n\n<p>Achat du v\u00e9hicule et installation des am\u00e9nagements. Nous avons achet\u00e9 un CADDY Volkswagen, avec un coffre suffisamment grand pour y loger son fauteuil \u00e9lectrique !!<\/p>\n\n\n\n<p>(Durant tout ce temps, Juliette a suivi les cours de code, elle a obtenu le code du premier coup et a commenc\u00e9 \u00e0 conduire avec la voiture adapt\u00e9e de l&rsquo;auto-\u00e9cole mais les adaptations n&rsquo;\u00e9taient pas tout \u00e0 fait correctes pour elle : l\u2019acc\u00e9l\u00e9rateur au volant de la voiture ne lui convenait pas. Alors elle a essay\u00e9 de conduire avec les p\u00e9dales et petit \u00e0 petit , elle a r\u00e9ussi. Elle a fini par ne conduire qu\u2019avec les p\u00e9dales et a eu besoin de seulement 21 h de pratique avant de pouvoir conduire avec nous en conduite accompagn\u00e9e).<\/p>\n\n\n\n<h3 class=\"wp-block-heading\">7\u00e8me \u00e9tape&nbsp;: la conduite<\/h3>\n\n\n\n<p>Elle conduit avec nous avec la voiture am\u00e9nag\u00e9e adapt\u00e9e pour les 3 000 km de conduite accompagn\u00e9e.<br>Ses am\u00e9nagements sont : bo\u00eete auto, boule au volant. Notre voiture est \u00e9quip\u00e9e auto-\u00e9cole (p\u00e9dales passager + rehausse r\u00e9tro), car elle passera son permis sur son v\u00e9hicule ( ce n&rsquo;est pas g\u00e9n\u00e9ral dans tous les cas, cela d\u00e9pend de la compatibilit\u00e9 du v\u00e9hicule de l\u2019auto-\u00e9cole au handicap de la personne). Cet am\u00e9nagement sera retir\u00e9 lorsqu&rsquo;elle aura son permis.<br>Sur la voiture, il y a \u00e9galement un acc\u00e9l\u00e9rateur \u00e0 la main, qu\u2019elle a tr\u00e8s peu utilis\u00e9 car elle arrive tr\u00e8s bien \u00e0 conduire aux pieds. Nous avons fait am\u00e9nager le coffre pour son fauteuil \u00e9lectrique (grue).<\/p>\n\n\n\n<h3 class=\"wp-block-heading\">8\u00e8me \u00e9tape&nbsp;: le contr\u00f4le<\/h3>\n\n\n\n<p>Les am\u00e9nagements de la voiture ont \u00e9t\u00e9 valid\u00e9s par un inspecteur sp\u00e9cialis\u00e9 auto-\u00e9cole avant l&rsquo;\u00e9preuve du permis.<\/p>\n\n\n\n<h3 class=\"wp-block-heading\">9\u00e8me \u00e9tape&nbsp;: le permis<\/h3>\n\n\n\n<p>L\u2019\u00e9preuve pratique du permis\u2026 \u00e0 la fin du mois de janvier pour Juliette !!! R\u00e9ussite du premier coup !!<\/p>\n\n\n\n<h3 class=\"wp-block-heading\">10\u00e8me \u00e9tape&nbsp;: ultime visite avant Champagne&nbsp;!<\/h3>\n\n\n\n<p>Apr\u00e8s l&rsquo;obtention du permis, une nouvelle visite m\u00e9dicale a \u00e9t\u00e9 n\u00e9cessaire pour d\u00e9finir la dur\u00e9e de validit\u00e9. Pour Juliette, le m\u00e9decin a d\u00e9cid\u00e9 une validit\u00e9 de 5 ans, mais nous esp\u00e9rons qu\u2019en 2016, elle se transforme en une validit\u00e9 permanente.<br>(Cette ultime visite m\u00e9dicale s&rsquo;est impos\u00e9e car il s&rsquo;\u00e9tait \u00e9coul\u00e9 pr\u00e8s de trois ans depuis la visite initiale \u00e0 la commission m\u00e9dicale.)<\/p>\n\n\n\n<p>En attendant, BONJOUR LA LIBERTE ! L\u2019autonomie peut s\u2019\u00e9crire avec un grand A !!!!<br>Que du BONHEUR.<\/p>\n\n\n\n<p class=\"has-text-align-right noJustify\"><em>Marie-Claude<\/em><\/p>\n<\/div>\n\n\n\n<div class=\"wp-block-group cestPossible cestPossible2 is-layout-flow wp-block-group-is-layout-flow\">\n<h2 class=\"wp-block-heading\" id=\"histoire-2\">Mardi : Arthrogrypose en rallye<\/h2>\n\n\n\n<div class=\"wp-block-group is-layout-flow wp-block-group-is-layout-flow\">\n<p><br>Je m\u2019appelle Marion N. Je suis atteinte d\u2019une Arthrogrypose qui touche essentiellement mon genou gauche et mes hanches\u2026 J\u2019ai int\u00e9gr\u00e9 en premi\u00e8re ann\u00e9e le programme post-bac de l\u2019\u00c9cole Sup\u00e9rieure de Commerce de Troyes. Dans le cadre de mes \u00e9tudes, j\u2019ai d\u00fb monter un projet associatif, je me suis donc dirig\u00e9e vers l\u2019humanitaire en m\u2019inscrivant au 4L Trophy avec ma co\u00e9quipi\u00e8re Claire P. Le principe est simple : des \u00e9tudiants de la France enti\u00e8re partent en Renault 4L par \u00e9quipages de 2 personnes et dans leur coffre, environ 60kg de fournitures scolaires ou d\u2019\u00e9quipements sportifs. Le d\u00e9part du rallye, situ\u00e9 \u00e0 Paris, am\u00e8ne les \u00e9tudiants en manque d\u2019aventure \u00e0 traverser la France et l\u2019Espagne pour se retrouver dans le d\u00e9sert marocain pour 2 jours de course d\u2019orientation intensive. Les plus courageux, qui arrivent \u00e0 la fin des 2 jours de bivouac en plein d\u00e9sert, prennent la direction Marrakech o\u00f9, apr\u00e8s de longues heures de voyage, les \u00e9tudiants partagent enfin un moment unique en offrant les fournitures aux enfants marocains, le but \u00e9tant de leur faciliter l\u2019acc\u00e8s \u00e0 l\u2019\u00e9ducation.<\/p>\n\n\n\n<p>Cependant le rallye reste la derni\u00e8re \u00e9tape de notre aventure. Le but de la premi\u00e8re \u00e9tape est de boucler un budget pr\u00e9visionnel d\u2019environ 7000 euros. Nous avons donc commenc\u00e9 \u00e0 d\u00e9marcher juste apr\u00e8s notre inscription. La recherche de sponsors est une \u00e9tape tr\u00e8s importante au bon fonctionnement de ce projet, d\u2019autant plus que nous \u00e9tions limit\u00e9es dans le temps : nous devions avoir r\u00e9uni 3100euros, et avoir une 4L avant le 15 d\u00e9cembre, pour valider notre inscription d\u00e9finitive au 4L -Trophy. <\/p>\n\n\n\n<p>Nous avons donc tout de suite commenc\u00e9 en d\u00e9marchant les commerces de Troyes et pass\u00e9 notre jeudi apr\u00e8s-midi \u00e0 visiter les zones de commerce, les zones industrielles, \u00e0 passer des coups de fil \u00e0 environ 250 entreprises\u2026 Je dois dire que ce fut une \u00e9tape assez \u00e9prouvante, quand nous partions pour 3 \u00e0 4h de d\u00e9marchage et que nous ne revenions qu\u2019avec des \u00ab non \u00bb c\u2019\u00e9tait assez d\u00e9primant. <\/p>\n\n\n\n<p>N\u00e9anmoins \u00e0 l\u2019heure d\u2019aujourd\u2019hui, de petites et moyennes entreprises comme l\u2019h\u00f4tel Mercure, l\u2019auto-\u00e9cole, un magasin de logiciel de Troyes Thallium Technology, Studio K ainsi que maintenant votre association, nous ont permis de r\u00e9colter suffisamment de fonds pour \u00eatre s\u00fbres de partir\u2026 Il nous manque encore un tout petit peu pour se dire en \u00ab s\u00e9curit\u00e9 \u00bb.<\/p>\n\n\n\n<p>Si j\u2019ai choisi de participer \u00e0 ce projet, c\u2019est que, tout d\u2019abord, je suis attir\u00e9e par l\u2019humanitaire. Ensuite, j\u2019ai trouv\u00e9 une co\u00e9quipi\u00e8re parfaite : organis\u00e9e, d\u00e9brouillarde, et surtout extr\u00eamement motiv\u00e9e. Enfin ce projet m\u00eale entraide, esprit d\u2019\u00e9quipe et de partage, aventure, difficult\u00e9, exp\u00e9rience unique\u2026 En participant \u00e0 ce rallye je compte bien prouver que malgr\u00e9 les difficult\u00e9s de chacun, rien n\u2019est impossible. Nous sommes un \u00e9quipage de deux filles qui n\u2019ont pas froid aux yeux et qui ont en commun un brin de folie\u2026<\/p>\n\n\n\n<div class=\"su-custom-gallery su-custom-gallery-align-left su-custom-gallery-title-hover\"><div class=\"su-custom-gallery-slide\" style=\"width:200px;height:200px\"><a><img loading=\"lazy\" decoding=\"async\" src=\"https:\/\/www.arthrogrypose.fr\/p\/wp-content\/uploads\/2022\/04\/2011-Rallye4-200x200.jpg\" alt=\"2011-Rallye4\" width=\"200\" height=\"200\" \/><span class=\"su-custom-gallery-title\">2011-Rallye4<\/span><\/a><\/div><div class=\"su-custom-gallery-slide\" style=\"width:200px;height:200px\"><a><img loading=\"lazy\" decoding=\"async\" src=\"https:\/\/www.arthrogrypose.fr\/p\/wp-content\/uploads\/2022\/04\/2011-Rallye3-200x200.jpg\" alt=\"2011-Rallye3\" width=\"200\" height=\"200\" \/><span class=\"su-custom-gallery-title\">2011-Rallye3<\/span><\/a><\/div><div class=\"su-custom-gallery-slide\" style=\"width:200px;height:200px\"><a><img loading=\"lazy\" decoding=\"async\" src=\"https:\/\/www.arthrogrypose.fr\/p\/wp-content\/uploads\/2022\/04\/2011-Rallye2-200x200.jpg\" alt=\"2011-Rallye2\" width=\"200\" height=\"200\" \/><span class=\"su-custom-gallery-title\">2011-Rallye2<\/span><\/a><\/div><div class=\"su-custom-gallery-slide\" style=\"width:200px;height:200px\"><a><img loading=\"lazy\" decoding=\"async\" src=\"https:\/\/www.arthrogrypose.fr\/p\/wp-content\/uploads\/2022\/04\/2011-Rallye1-200x200.jpg\" alt=\"2011-Rallye1\" width=\"200\" height=\"200\" \/><span class=\"su-custom-gallery-title\">2011-Rallye1<\/span><\/a><\/div><div class=\"su-clear\"><\/div><\/div>\n\n\n\n<p><em>Faute de place ici, vous voudrez bien vous reporter aux gazettes nos 1, 2 et 3 pour conna\u00eetre le d\u00e9but des aventures du d\u00e9part de Paris, le 18 f\u00e9vrier jusqu\u2019\u00e0 ce 25 f\u00e9vrier, au Maroc\u2026<\/em><\/p>\n\n\n\n<h3 class=\"wp-block-heading\">25 et 26 F\u00e9vrier: \u00c9tape Marathon<\/h3>\n\n\n\n<p>L\u2019\u00e9tape Marathon est un parcours de deux jours dans le d\u00e9sert en compl\u00e8te autonomie.<br>Nous avions 500km \u00e0 parcourir dans le d\u00e9sert, nous devions traverser des petits villages, des carri\u00e8res, des plaines, des montagnes, longer la fronti\u00e8re de l\u2019Alg\u00e9rie\u2026<\/p>\n\n\n\n<p>Cependant, pour participer \u00e0 cette \u00e9tape, il fallait que notre voiture soit apte, car les conditions dans lesquelles nous allions conduire \u00e9t\u00e9 pires que toutes les pr\u00e9c\u00e9dentes. Les pistes de cailloux que nous avions rencontr\u00e9es pr\u00e9c\u00e9demment n\u2019\u00e9taient rien compar\u00e9es \u00e0 ce qui nous attendait.<\/p>\n\n\n\n<p>C\u2019est pourquoi, nous nous sommes tous organis\u00e9s pour rouler en groupe d\u2019au moins 4 ou 5 voitures, et se retrouver en un m\u00eame point le soir autour d\u2019un grand feu de camp. C\u2019est ainsi nous pouvions trouver dans le d\u00e9sert des campements de 15 \u00e0 20 \u00e9quipages ; bien que l\u2019on ne se connaisse pas, l\u2019ambiance \u00e9tait au rendez-vous !<\/p>\n\n\n\n<p>Le second jour, nous avons rejoins la route direction Marrakech en passant par le mont du Tichka. La vue y \u00e9tait magnifique.<\/p>\n\n\n\n<h3 class=\"wp-block-heading\">26 F\u00e9vrier 20h00\u2026 fin<\/h3>\n\n\n\n<p>Cette date annonce la fin de l\u2019aventure.<br>Arriv\u00e9es \u00e0 Marrakech, des h\u00f4tels 4 \u00e9toiles ainsi que 2 jours de repos nous attendaient.<\/p>\n\n\n\n<h3 class=\"wp-block-heading\">28 F\u00e9vrier \u2013 3 mars : Retour<\/h3>\n\n\n\n<p>C\u2019est le retour en France par la c\u00f4te Espagnole.<br>Tout au long de notre trajet, nous avons \u00e9t\u00e9 en contact avec la population locale, nous n\u2019avons pu que constater la pauvret\u00e9 qui r\u00e9gnait dans les villages recul\u00e9s ainsi que dans le d\u00e9sert.<\/p>\n\n\n\n<p>Nous avons essay\u00e9 de donner un peu de joie \u00e0 tous ces enfants gr\u00e2ce \u00e0 la distribution de 6kg de bonbons que nous avions apport\u00e9s, ainsi que de petites peluches qu\u2019Emma\u00fcs nous avait gentiment donn\u00e9es en plus des 50 kg de fournitures scolaires.<br>Cette exp\u00e9rience restera \u00e0 tout jamais grav\u00e9e dans nos m\u00e9moires. On ne pourra jamais oublier ces moments pass\u00e9s dans le d\u00e9sert et sur la route et cela gr\u00e2ce \u00e0 vous.<\/p>\n\n\n\n<p><br>Merci \u00e0 Mercure, Studio K, Thallium, la plate-forme du b\u00e2timent, le garage Doyer, Garchette, Alliance Arthrogrypose, auto-\u00e9cole Central, Digital PC, Arcofer, la mairie de Troyes, le garage Cl\u00e9ment, le garage Inghem auto, sans oublier Emma\u00fcs.<\/p>\n\n\n\n<p class=\"has-text-align-right noJustify\"><em>Marion<br>gazette n\u00b04 de 2011<\/em><\/p>\n\n\n\n<p><\/p>\n<\/div>\n<\/div>\n\n\n\n<div class=\"wp-block-group cestPossible cestPossible3 is-layout-flow wp-block-group-is-layout-flow\">\n<h2 class=\"wp-block-heading\" id=\"histoire-2\">Mercredi : Comment p\u00e9daler avec les mains\u2026<\/h2>\n\n\n\n<div class=\"wp-block-group is-layout-flow wp-block-group-is-layout-flow\">\n<p>\u00c9tant atteinte d\u2019arthrogrypose principalement au niveau des genoux (flexion limit\u00e9e) et du dos (scoliose bloqu\u00e9e par une tige), ce n\u2019est pas si facile pour moi de faire du sport ! Pourtant, il faut bien \u00ab se bouger \u00bb un peu et c\u2019est m\u00eame d\u2019autant plus important de faire des activit\u00e9s sportives quand on a une arthrogrypose ; histoire de mobiliser ses muscles et articulations.<br>Le probl\u00e8me, c\u2019est que la plupart des sports n\u00e9cessitent des articulations bien mobiles et souples. J\u2019ai quand m\u00eame r\u00e9ussi \u00e0 pratiquer certains sports comme la natation (avec une endurance limit\u00e9e). J\u2019ai eu \u00e9galement la chance de faire de l\u2019\u00e9quitation, mais mon manque de souplesse me bloquait en partie et m\u2019a valu quelques belles chutes et j\u2019ai d\u00fb arr\u00eater il y a quelques ann\u00e9es\u2026<\/p>\n\n\n\n<figure class=\"wp-block-image alignleft size-full max-width-33pc\"><img loading=\"lazy\" decoding=\"async\" width=\"641\" height=\"791\" src=\"https:\/\/www.arthrogrypose.fr\/p\/wp-content\/uploads\/2022\/04\/2012-handbike.jpg\" alt=\"\" class=\"wp-image-1782\" srcset=\"https:\/\/www.arthrogrypose.fr\/p\/wp-content\/uploads\/2022\/04\/2012-handbike.jpg 641w, https:\/\/www.arthrogrypose.fr\/p\/wp-content\/uploads\/2022\/04\/2012-handbike-480x592.jpg 480w\" sizes=\"(min-width: 0px) and (max-width: 480px) 480px, (min-width: 481px) 641px, 100vw\" \/><\/figure>\n\n\n\n<p>Cependant, j\u2019ai toujours regard\u00e9 les cyclistes avec envie : pour moi, le v\u00e9lo allie bien plaisir sportif et libert\u00e9 de mouvements permettant de d\u00e9couvrir de nombreux coins sympathiques. Quand j\u2019\u00e9tais (plus) jeune, j\u2019ai pu p\u00e9daler avec un tricycle dont le p\u00e9dalier avait une faible amplitude. Bien que moins performant que les v\u00e9los ordinaires, j\u2019en garde un chouette souvenir (et mon seul os cass\u00e9 !). Mais je me suis vite retrouv\u00e9e trop grande pour ce tricycle.<\/p>\n\n\n\n<p>Vers 2007, j\u2019ai appris, je ne sais plus comment, l\u2019existence des \u00ab handbikes \u00bb, ces v\u00e9los de type tricycle s\u2019actionnant avec les mains. Le cycliste est confortablement assis (ou mi-couch\u00e9) les jambes tendues et pos\u00e9es sur des repose-pieds et, cette fois, ce sont les mains et les bras qui travaillent ! On ne p\u00e9dale pas, on \u00ab m\u00e9dale \u00bb ! Et les deux bras en m\u00eame temps, car les bras travaillent mieux en synchronisation contrairement aux jambes.<\/p>\n\n\n\n<p>Je me suis donc renseign\u00e9e sur ces v\u00e9los et j\u2019ai pu louer un v\u00e9lo pour trois semaines pendant l\u2019\u00e9t\u00e9. J\u2019ai donc test\u00e9 l\u2019engin via des balades avec ma famille le long de l\u2019Escaut (sur des anciens chemins de halage reconvertis en piste cyclables). Je me suis vite rendue compte que c\u2019est un bon appareil de musculation pour les biceps, surtout sur les c\u00f4tes (j\u2019y fais parfois du trois km\/h !) et les faux plats. Par contre, en pente, je trace et d\u00e9passe facilement les \u00ab&nbsp;b\u00eates&nbsp;\u00bb v\u00e9los !<\/p>\n\n\n\n<p>Apr\u00e8s cette exp\u00e9rience, je n\u2019ai pas voulu en rester l\u00e0 et j\u2019ai souhait\u00e9 acqu\u00e9rir un handbike. Mais \u00e7a ne se trouve pas chez le marchand de v\u00e9los du coin, ces machines ! Et surtout, ce n\u2019est pas gratuit ! Un mod\u00e8le neuf co\u00fbte plus de 3000 euros ! Mais la chance fut avec moi, car je suis assez rapidement tomb\u00e9e sur une petite annonce d\u2019un handbike \u00e0 vendre en seconde main, la belle aubaine ! Le vendeur m\u2019a propos\u00e9 d\u2019emprunter ce v\u00e9lo deux semaines avant de me d\u00e9cider. Les quelques balades que j\u2019ai faites ce temps-l\u00e0 m\u2019ont convaincue et je suis donc devenue la nouvelle propri\u00e9taire de ce handbike (apr\u00e8s une petite r\u00e9duction n\u00e9goci\u00e9e &nbsp;:-).<\/p>\n\n\n\n<p>Depuis lors, je parcours les pistes cyclables de la r\u00e9gion de Tournai (chez mes parents), de Bruxelles (lors des journ\u00e9es sans voitures) ou de la mer du Nord (l\u00e0, c\u2019est s\u00fbr que c\u2019est plat !) avec ce dr\u00f4le de v\u00e9lo. Il a m\u00eame voyag\u00e9 en France (chez ma s\u0153ur S\u00e9gol\u00e8ne) et aux Pays-Bas (alors que j\u2019\u00e9tais invit\u00e9e par mon fr\u00e8re dans un village vacances).<\/p>\n\n\n\n<p>Ce sport me permet de faire une activit\u00e9 sportive que j\u2019appr\u00e9cie et que je peux partager avec des gens dits valides. De plus, il m\u2019apporte un regard nouveau par rapport \u00e0 mon handicap. Non seulement je suis capable de faire du v\u00e9lo comme les autres (m\u00eame si ce n\u2019est pas aussi polyvalent et tout-terrain qu\u2019un v\u00e9lo classique) , mais les gens me regardent autrement, avec int\u00e9r\u00eat. J\u2019ai souvent entendu des gens ou des enfants lancer \u00e0 mon passage des phrases du genre : \u00ab trop bien ce v\u00e9lo ! \u00bb, \u00ab Maman, t\u2019as vu ce v\u00e9lo ? Je veux le m\u00eame\u2026 \u00bb. C\u2019est rare que les gens nous envient, \u00e7a fait du bien parfois !<\/p>\n\n\n\n<p>Voil\u00e0 un peu l\u2019histoire de ma d\u00e9couverte du handbike. Pour l\u2019instant, je fais moins de balades, vu le temps d\u2019hiver, mais je m\u2019y remettrai au printemps, et probablement avec une assistance \u00e9lectrique ! En effet, je souhaite plus de puissance et d\u2019endurance pour les c\u00f4tes et les longues balades. J\u2019\u00e9tudie donc la possibilit\u00e9 d\u2019adapter une assistance \u00e9lectrique qui me soutiendra pour les passages difficiles. Je vous en dirai des nouvelles !<\/p>\n\n\n\n<p class=\"has-text-align-right noJustify\"><em>Madeleine<br>gazette n\u00b0 5 de 2012<\/em><\/p>\n\n\n\n<p><\/p>\n\n\n\n<p><\/p>\n<\/div>\n<\/div>\n\n\n\n<div class=\"wp-block-group cestPossible cestPossible4 is-layout-flow wp-block-group-is-layout-flow\">\n<h2 class=\"wp-block-heading\" id=\"histoire-2\">Jeudi : Peindre avec la bouche \u201ccomme tout le monde\u201d<\/h2>\n\n\n\n<div class=\"wp-block-group is-layout-flow wp-block-group-is-layout-flow\">\n<p>Pour ceux qui ne me connaissent pas, je me d\u00e9place en fauteuil roulant \u00e9lectrique adapt\u00e9 sur mesure (ce qui est tr\u00e8s difficile \u00e0 obtenir de nos jours\u2026). J&rsquo;ai une arthrogrypose s\u00e9v\u00e8re qui handicape mes 4 membres. Je suis mari\u00e9e depuis 2007 avec Ludovic et nous avons une adorable petite fille \u00c9lora de bient\u00f4t 3 ans, mon petit soleil !<\/p>\n\n\n\n<p>Depuis l&rsquo;\u00e2ge de 9 ans, je fais partie de cette grande famille d&rsquo;artistes internationaux qu&rsquo;est l&rsquo;association des Artistes Peignant de la Bouche et du Pied. Nous utilisons notre bouche ou\/et notre pied, du fait du handicap, pour r\u00e9aliser nos \u0153uvres.<br>Pour ma part, mon handicap \u00e9tant de naissance, je me suis instinctivement servie de ma bouche pour palier \u00e0 l\u2019immobilit\u00e9 de mes bras et mains. J&rsquo;ai pris les crayons dans la bouche et j&rsquo;ai dessin\u00e9, \u00e9crit, comme tous ceux de mon \u00e2ge. Gr\u00e2ce \u00e0 mes parents qui m&rsquo;ont toujours pouss\u00e9e dans ce sens, qui m&rsquo;ont toujours consid\u00e9r\u00e9e comme les autres, comme mon fr\u00e8re et ma soeur, et aussi gr\u00e2ce \u00e0 mon p\u00e8re qui \u00e9tait le meilleur papa bricoleur qui existe, j&rsquo;ai eu une scolarit\u00e9 normale. A l&rsquo;\u00e9cole, je faisais comme les autres et au m\u00eame rythme ; seulement je tenais mes crayons dans la bouche. Je suis ainsi pass\u00e9e du gribouillage, au bonhomme t\u00eatard et des dessins enfantins, aux premi\u00e8res lettres de l&rsquo;alphabet\u2026. <\/p>\n\n\n\n<p>J&rsquo;ai eu la chance de suivre un cursus scolaire ordinaire, j&rsquo;\u00e9crivais avec la bouche ni plus ni moins rapidement, ni plus ni moins bien que les autres.<br>J&rsquo;ai eu le go\u00fbt de la peinture et du dessin tr\u00e8s jeune et cet attrait n&rsquo;a fait que s&rsquo;accentuer avec les ann\u00e9es. Je suis entr\u00e9e dans un atelier de peinture pour la premi\u00e8re fois \u00e0 l&rsquo;\u00e2ge de 7 ans. C&rsquo;\u00e9tait l&rsquo;atelier de Mme Folegot, une peintre renomm\u00e9e. Je me suis sentie tellement bien que je suis rest\u00e9e avec elle jusqu&rsquo;\u00e0 la fin, jusqu&rsquo;\u00e0 mon d\u00e9m\u00e9nagement, j&rsquo;avais 33 ans : cours des enfants, puis des adolescents et enfin celui des adultes. Avec elle, j&rsquo;ai d\u00e9couvert les secrets des couleurs et du dessin, que le plus important \u00e9tait l&rsquo;observation et la patience. Elle m&rsquo;a appris \u00e0 sentir les couleurs et les formes bien plus que les r\u00e8gles acad\u00e9miques. C&rsquo;est extraordinaire quand, en observant quelque chose, on s&rsquo;amuse \u00e0 le d\u00e9cortiquer et \u00e0 voir toutes les couleurs qui le composent (du blanc, un peu d&rsquo;ocre, une pointe de bleu\u2026). C&rsquo;est par la lumi\u00e8re et les contrastes qu&rsquo;elle procure que quelque chose existe. C&rsquo;est passionnant d&rsquo;\u00e9tudier la forme d&rsquo;un objet en 3D et de lui redonner cette profondeur juste en tra\u00e7ant des lignes sur une surface plate. C&rsquo;est assez magique !<\/p>\n\n\n\n<p>J&rsquo;ai \u00e9galement particip\u00e9 \u00e0 tous les stages de peinture organis\u00e9s par Serge Maudet, Pr\u00e9sident de l&rsquo;APBP <a href=\"https:\/\/www.APBP.fr\" target=\"_blank\" rel=\"noreferrer noopener\">www.APBP.fr<\/a> qui a illustr\u00e9 le livre r\u00e9alis\u00e9 par Alliance Arthrogrypose pour les enfants. Lors de ces stages, je pouvais rencontrer des personnes qui, comme moi, peignaient avec la bouche. On pouvait \u00e9changer nos techniques et Serge trouvait et trouve toujours de bonnes astuces pour nous permettre de peindre plus facilement.<\/p>\n\n\n\n<div class=\"wp-block-columns are-vertically-aligned-center is-layout-flex wp-container-core-columns-is-layout-1 wp-block-columns-is-layout-flex\">\n<div class=\"wp-block-column is-vertically-aligned-center is-layout-flow wp-block-column-is-layout-flow\">\n<figure class=\"wp-block-image size-full\"><img loading=\"lazy\" decoding=\"async\" width=\"477\" height=\"480\" src=\"https:\/\/www.arthrogrypose.fr\/p\/wp-content\/uploads\/2022\/04\/2013-Fanny-peintre1.jpg\" alt=\"\" class=\"wp-image-1793\" srcset=\"https:\/\/www.arthrogrypose.fr\/p\/wp-content\/uploads\/2022\/04\/2013-Fanny-peintre1.jpg 477w, https:\/\/www.arthrogrypose.fr\/p\/wp-content\/uploads\/2022\/04\/2013-Fanny-peintre1-298x300.jpg 298w, https:\/\/www.arthrogrypose.fr\/p\/wp-content\/uploads\/2022\/04\/2013-Fanny-peintre1-150x150.jpg 150w\" sizes=\"(max-width: 477px) 100vw, 477px\" \/><\/figure>\n<\/div>\n\n\n\n<div class=\"wp-block-column is-vertically-aligned-center is-layout-flow wp-block-column-is-layout-flow\">\n<figure class=\"wp-block-image aligncenter size-full\"><img loading=\"lazy\" decoding=\"async\" width=\"887\" height=\"678\" src=\"https:\/\/www.arthrogrypose.fr\/p\/wp-content\/uploads\/2022\/04\/2013-Fanny-peintre3.jpg\" alt=\"\" class=\"wp-image-1795\" srcset=\"https:\/\/www.arthrogrypose.fr\/p\/wp-content\/uploads\/2022\/04\/2013-Fanny-peintre3.jpg 887w, https:\/\/www.arthrogrypose.fr\/p\/wp-content\/uploads\/2022\/04\/2013-Fanny-peintre3-480x367.jpg 480w\" sizes=\"(min-width: 0px) and (max-width: 480px) 480px, (min-width: 481px) 887px, 100vw\" \/><\/figure>\n<\/div>\n\n\n\n<div class=\"wp-block-column is-vertically-aligned-center is-layout-flow wp-block-column-is-layout-flow\">\n<figure class=\"wp-block-image size-full\"><img loading=\"lazy\" decoding=\"async\" width=\"480\" height=\"480\" src=\"https:\/\/www.arthrogrypose.fr\/p\/wp-content\/uploads\/2022\/04\/2013-Fanny-peintre2.jpg\" alt=\"\" class=\"wp-image-1794\" srcset=\"https:\/\/www.arthrogrypose.fr\/p\/wp-content\/uploads\/2022\/04\/2013-Fanny-peintre2.jpg 480w, https:\/\/www.arthrogrypose.fr\/p\/wp-content\/uploads\/2022\/04\/2013-Fanny-peintre2-300x300.jpg 300w, https:\/\/www.arthrogrypose.fr\/p\/wp-content\/uploads\/2022\/04\/2013-Fanny-peintre2-150x150.jpg 150w\" sizes=\"(max-width: 480px) 100vw, 480px\" \/><\/figure>\n<\/div>\n<\/div>\n\n\n\n<p>Je prends des cours depuis toujours, aujourd&rsquo;hui c&rsquo;est mon m\u00e9tier, je suis artiste ind\u00e9pendante. Je participe \u00e0 un atelier professionnel, 2 jeudis par mois \u00e0 la galerie Nicole Sibille-Paliard et je prends des cours un jeudi par mois \u00e0 Grenoble \u00e0 l&rsquo;atelier Pigments et Mati\u00e8res d&rsquo;Albane.<\/p>\n\n\n\n<p>Je touche un peu \u00e0 tout, j&rsquo;aime changer et en fait, je crois que j&rsquo;essaie de me trouver\u2026 Je peins beaucoup de portraits en ce moment et plus particuli\u00e8rement les visages d&rsquo;enfants des pays lointains. Ils sont beaux et leurs regards parlent pour eux.<\/p>\n\n\n\n<p class=\"has-text-align-right noJustify\">Fanny B. <a href=\"http:\/\/fannypeintre.unblog.fr\">fannypeintre.unblog.fr<\/a><br>gazette n\u00b0 9 de 2013<br><br><\/p>\n<\/div>\n<\/div>\n\n\n\n<div class=\"wp-block-group cestPossible cestPossible5 is-layout-flow wp-block-group-is-layout-flow\">\n<h2 class=\"wp-block-heading\" id=\"histoire-2\">Vendredi : Aller plus haut<\/h2>\n\n\n\n<div class=\"wp-block-group is-layout-flow wp-block-group-is-layout-flow\">\n<p>Au mois de juin, j\u2019ai eu la possibilit\u00e9, avec Handisport Gen\u00e8ve, de m\u2019essayer \u00e0 l\u2019escalade sur mur. \u00c7a fait plusieurs ann\u00e9es que je bave d\u2019envie devant le mur de grimpe de l\u2019h\u00f4pital de la Tour, lorsque je vais \u00e0 mes s\u00e9ances hebdomadaires d\u2019ost\u00e9opathie. Mais h\u00e9las, ce n\u2019est pas possible d\u2019y acc\u00e9der. J\u2019ai \u00e9t\u00e9 d\u00e9\u00e7ue mais je me suis fait une raison. Jusqu\u2019\u00e0 ce que, le mois dernier, en allant chercher un renseignement sur la page internet d\u2019Handisport Gen\u00e8ve, je vois une annonce&nbsp;: une journ\u00e9e porte ouverte au mur de grimpe, dans un nouveau complexe qui a ouvert ses portes en avril dernier. Je me renseigne, pour conna\u00eetre les crit\u00e8res de s\u00e9lection, savoir s\u2019il y a encore de la place et m\u2019informer sur le lieu g\u00e9ographique. &nbsp;Super, je suis une des premi\u00e8res inscrites, je peux donc choisir ma tranche horaire. Je regarde l\u2019emplacement de la salle en question et l\u00e0 j\u2019ai une bonne surprise. C\u2019est dans la commune d\u2019\u00e0 c\u00f4t\u00e9, \u00e0 dix minutes en voiture de chez moi.<\/p>\n\n\n\n<p>Arrive le jour tant attendu&nbsp;: je me pr\u00e9sente \u00e0 la r\u00e9ception du centre. La responsable de SHG (Sport Handicap Gen\u00e8ve) et mon instructeur du jour m\u2019accueillent et me pr\u00e9sentent dans les grandes lignes cette discipline. On m\u2019apporte le mat\u00e9riel, compos\u00e9 de chaussons d\u2019escalade et d\u2019un baudrier. Alors les chaussons, bien que \u00e7a soit ma taille, qu\u2019est-ce que l\u2019on est serr\u00e9 \u00e0 l\u2019int\u00e9rieur ! On m\u2019explique que c\u2019est normal et que c\u2019est le but.<br>&nbsp;<\/p>\n\n\n\n<p>Le baudrier n\u2019est pas nouveau pour moi, car j\u2019en ai d\u00e9j\u00e0 eu un lors de mes comp\u00e9titions de marche avec ma chienne. En revanche, il y a quand m\u00eame quelques petites diff\u00e9rences avec le mat\u00e9riel de cani cross. On me pr\u00e9pare et l\u00e0, plus possible de reculer. Je contemple ce mur d\u2019escalade, immense.<\/p>\n\n\n\n<p>Je me sens soudainement toute petite face \u00e0 cette grande paroi, parcourue par des cales, pour les pieds et les mains. Comme c\u2019\u00e9tait une journ\u00e9e porte ouverte, j\u2019ai utilis\u00e9 un mur avec une voie d\u00e9j\u00e0 toute pr\u00e9par\u00e9e. Du fait que je ne plie pas correctement les genoux (en plus, avec le semi-confinement, et l\u2019impossibilit\u00e9 de sortir me promener en for\u00eat comme j\u2019en ai l\u2019habitude, j\u2019ai perdu de l\u2019amplitude, et \u00e0 pr\u00e9sent, je n\u2019arrive plus \u00e0 plier si facilement les jambes \u00e0 angle droit), \u00e7a n\u2019a pas \u00e9t\u00e9 tr\u00e8s ais\u00e9 de grimper.<\/p>\n\n\n\n<p>Mon instructeur du jour, Adrien, m\u2019a expliqu\u00e9 que le but \u00e9tait d\u2019utiliser la m\u00eame couleur de cale sur tout le parcours. En raison de l\u2019arthrogrypose, je n\u2019y suis pas arriv\u00e9e. Car les prises \u00e9taient soit trop hautes, soit trop \u00e9loign\u00e9es l\u2019une de l\u2019autre. Alors j\u2019ai improvis\u00e9. Idem pour les prises pour les mains. J\u2019avais l\u2019impression de faire un remake de \u00ab&nbsp;walk like an Egyptian&nbsp;\u00bb dans mes tentatives de grimper. Cela n\u2019a pas \u00e9t\u00e9 facile, mais qu\u2019est-ce que j\u2019ai ador\u00e9. Une heure apr\u00e8s, il a fallu redescendre. Et hop, j\u2019exp\u00e9rimente une technique expliqu\u00e9e par Adrien&nbsp;: se laisser descendre en rappel, tout en s\u2019\u00e9loignant de la paroi en y donnant des grands coups de pieds. C\u2019est plus facile \u00e0 maitriser que pour monter. Et plus rapide aussi.<\/p>\n\n\n\n<div class=\"wp-block-columns is-layout-flex wp-container-core-columns-is-layout-2 wp-block-columns-is-layout-flex\">\n<div class=\"wp-block-column is-layout-flow wp-block-column-is-layout-flow\">\n<figure class=\"wp-block-image size-full\"><img loading=\"lazy\" decoding=\"async\" width=\"691\" height=\"931\" src=\"https:\/\/www.arthrogrypose.fr\/p\/wp-content\/uploads\/2022\/04\/2022-Corinne-Escalade1.jpg\" alt=\"\" class=\"wp-image-1799\" srcset=\"https:\/\/www.arthrogrypose.fr\/p\/wp-content\/uploads\/2022\/04\/2022-Corinne-Escalade1.jpg 691w, https:\/\/www.arthrogrypose.fr\/p\/wp-content\/uploads\/2022\/04\/2022-Corinne-Escalade1-480x647.jpg 480w\" sizes=\"(min-width: 0px) and (max-width: 480px) 480px, (min-width: 481px) 691px, 100vw\" \/><\/figure>\n<\/div>\n\n\n\n<div class=\"wp-block-column is-layout-flow wp-block-column-is-layout-flow\">\n<figure class=\"wp-block-image size-full\"><img loading=\"lazy\" decoding=\"async\" width=\"691\" height=\"931\" src=\"https:\/\/www.arthrogrypose.fr\/p\/wp-content\/uploads\/2022\/04\/2022-Corinne-Escalade2.jpg\" alt=\"\" class=\"wp-image-1798\" srcset=\"https:\/\/www.arthrogrypose.fr\/p\/wp-content\/uploads\/2022\/04\/2022-Corinne-Escalade2.jpg 691w, https:\/\/www.arthrogrypose.fr\/p\/wp-content\/uploads\/2022\/04\/2022-Corinne-Escalade2-480x647.jpg 480w\" sizes=\"(min-width: 0px) and (max-width: 480px) 480px, (min-width: 481px) 691px, 100vw\" \/><\/figure>\n<\/div>\n<\/div>\n\n\n\n<p>Apr\u00e8s l\u2019heure d\u2019essai, la responsable de SHG m\u2019a demand\u00e9 mon ressenti, si \u00e7a me plaisait et si j\u2019\u00e9tais int\u00e9ress\u00e9e par l\u2019int\u00e9gration dans la section \u00ab&nbsp;grimpe&nbsp;\u00bb. Oh que oui ! Malgr\u00e9 la difficult\u00e9, cette initiation a confirm\u00e9 que cette discipline \u00e9tait pour moi. Car sans en avoir l\u2019air, elle va me permettre de pouvoir progresser dans plusieurs domaines&nbsp;: gagner en force dans les bras (quand je dois me hisser \u00e0 la force du poignet), gagner en souplesse dans les jambes et faire travailler la mati\u00e8re grise. Et oui, car il faut bien observer les prises pour trouver le parcours \u00e0 suivre. Cette section doit \u00eatre active en 2022. Encore six mois \u00e0 attendre avant que je ne puisse ajouter cette discipline \u00e0 mon actif.<br>&nbsp;<br>Je vous laisse avec ce lien vous permettra de vous faire une id\u00e9e de mon futur terrain de jeu&nbsp;:&nbsp;<a href=\"https:\/\/www.grimper.ch\/visite-360\" target=\"_blank\" rel=\"noreferrer noopener\">www.grimper.ch\/visite-360<\/a><\/p>\n\n\n\n<p>Amiti\u00e9 depuis la Suisse.<\/p>\n\n\n\n<p class=\"has-text-align-right noJustify\">Corinne<br>gazette 24 de 2022<\/p>\n<\/div>\n<\/div>\n\n\n\n<div class=\"wp-block-group cestPossible cestPossible6 is-layout-flow wp-block-group-is-layout-flow\">\n<h2 class=\"wp-block-heading\" id=\"histoire-2\">Samedi : Notre aventure pour avoir un enfant\u2026<\/h2>\n\n\n\n<div class=\"wp-block-group is-layout-flow wp-block-group-is-layout-flow\">\n<p>Pour notre grand bonheur, \u00c9lora est n\u00e9e le 13 d\u00e9cembre 2010.<\/p>\n\n\n\n<p>Cette aventure a d\u00e9but\u00e9 bien plus t\u00f4t, au moins trois ans avant\u2026<\/p>\n\n\n\n<p>En effet, atteinte d&rsquo;une arthrogrypose s\u00e9v\u00e8re, mon mari et moi-m\u00eame avons pr\u00e9f\u00e9r\u00e9 prendre nos pr\u00e9cautions. Premi\u00e8rement pour savoir s&rsquo;il m&rsquo;\u00e9tait physiquement possible de supporter une grossesse. Deuxi\u00e8mement pour effectuer des tests g\u00e9n\u00e9tiques afin de conna\u00eetre les risques d&rsquo;h\u00e9r\u00e9dit\u00e9 de mon handicap.<\/p>\n\n\n\n<p>Habitant en banlieue parisienne, la logique veut que je m&rsquo;adresse aux h\u00f4pitaux de la Capitale. Ce qui semble un d\u00e9tail va devenir un sacerdoce\u2026 Nous voil\u00e0 partis et embarqu\u00e9s dans une course folle aux renseignements. Personne ne veut me suivre. \u00ab\u00a0\u00cates-vous myopathe ? \u00cates-vous paralys\u00e9e ? \u00cates-vous\u2026..? Non, alors nous ne sommes pas comp\u00e9tents pour vous suivre\u2026\u00a0\u00bb. Quand enfin un ou deux services acceptent de nous recevoir, il n&rsquo;y a pas de suivi\u2026 Nous sommes ainsi balad\u00e9s de services en services et m\u00eame d&rsquo;h\u00f4pital en h\u00f4pital. Finalement, c&rsquo;est le Centre de R\u00e9f\u00e9rence des Arthrogrypose du CHU de Grenoble qui nous dirigera vers l&rsquo;h\u00f4pital Piti\u00e9-Salp\u00eatri\u00e8re qui prendra en charge notre dossier. Parall\u00e8lement, nous continuons \u00e0 visiter diff\u00e9rents services et je subis plusieurs examens dont une IRM et une oxym\u00e9trie nocturne. Et le temps passe, passe\u2026 En revanche, aucun test g\u00e9n\u00e9tique soi-disant n&rsquo;existe et il est impossible de conna\u00eetre les risques d&rsquo;h\u00e9r\u00e9dit\u00e9\u2026 Une pr\u00e9cieuse information qui pourrait influencer notre d\u00e9cision.<\/p>\n\n\n\n<p>A chaque fois les m\u00eames r\u00e9ponses reviennent et, peu \u00e0 peu, on sent que le but est de nous d\u00e9courager par rapport \u00e0 ce projet. On nous parle de risque h\u00e9r\u00e9ditaire, de risque vital, de danger mortel, de trach\u00e9otomie, etc. On me demande \u00e0 mi-mots, si on a bien r\u00e9fl\u00e9chi \u00e0 des solutions pour s&rsquo;occuper de l&rsquo;enfant apr\u00e8s sa naissance,\u2026 On me dit que j&rsquo;ai d\u00e9j\u00e0 \u00ab\u00a0beaucoup de probl\u00e8mes et que ce n&rsquo;est pas la peine d&rsquo;en rajouter\u00a0\u00bb (dixit une anesth\u00e9siste). Et le pire de tout restera que le Professeur X, de la Piti\u00e9-Salp\u00eatri\u00e8re, nous conseillera de prendre une m\u00e8re porteuse. Il insistera m\u00eame lors de nos diff\u00e9rents rendez-vous sur ce point. Rappelons que c&rsquo;est ill\u00e9gal en France ! Je ne suis pas contre, mais ce n&rsquo;est pas la raison pour laquelle on vient le voir. Et si d\u00e9j\u00e0 on commen\u00e7ait par \u00e9tudier mon cas. Mon mari et moi sommes choqu\u00e9s que la seule solution qu&rsquo;un obst\u00e9tricien nous propose soit ill\u00e9gale et tr\u00e8s on\u00e9reuse pour nous, les patients. Une aberration, quand on y pense..!!! A se demander, si nous n&rsquo;\u00e9tions pas un peu comme des cobayes. Il voulait qu&rsquo;on lui raconte nos tenants et aboutissants.<\/p>\n\n\n\n<p>Cela dure environ 2 ans. Pris dans notre quotidien bien charg\u00e9 (travail etc.) nous ne pouvons nous y consacrer \u00e0 100%. Les examens prennent du temps et il faut souvent attendre 6 mois pour en passer un. Ainsi, le temps passe et nous, nous stagnons\u2026 Mon mari commence \u00e0 douter. Bien s\u00fbr que non il n&rsquo;est pas pr\u00eat \u00e0 risquer la vie de sa femme pour un enfant. Moi, je n&rsquo;y crois pas. Je ne me reconnais pas dans le portrait que ces m\u00e9decins font de moi. Je veux continuer, je veux d&rsquo;autres avis\u2026 Mon mari est partant.<\/p>\n\n\n\n<p>Ayant eu connaissance de la possibilit\u00e9 de tests g\u00e9n\u00e9tiques au Centre de R\u00e9f\u00e9rence Des Arthrogryposes au CHU de Grenoble et ayant rencontr\u00e9 l&rsquo;\u00e9quipe quelques ann\u00e9es auparavant pour un simple diagnostic, nous n&rsquo;h\u00e9sitons pas. Nous fixons un rendez-vous avec ce service.<\/p>\n\n\n\n<p>Et l\u00e0\u2026 Quel accueil !!! Quelle chaleur !!! Comme on est bien re\u00e7u. On s&rsquo;int\u00e9resse \u00e0 nous, \u00e0 notre espoir. En une semaine, les tests n\u00e9cessaires sont pass\u00e9s. J&rsquo;ai r\u00e9ussit \u00e0 rencontrer toute l&rsquo;\u00e9quipe ainsi que l&rsquo;anesth\u00e9siste. C&rsquo;\u00e9tait surtout ce point qui posait probl\u00e8me. Mes veines, comme la plupart des personnes atteintes d&rsquo;arthrogrypose, sont quasi invisibles. Toutefois, en fin de semaine, la conclusion nous est donn\u00e9e. Je garde la t\u00eate froide. Je sais qu&rsquo;on peut nous apporter une r\u00e9ponse n\u00e9gative, mais je me fierai \u00e0 leur jugement. J&rsquo;ai confiance et si l&rsquo;\u00e9quipe pense que cela est trop risqu\u00e9, nous opterons pour d&rsquo;autres solutions comme l&rsquo;adoption. Nous y avons d\u00e9j\u00e0 r\u00e9fl\u00e9chi.<\/p>\n\n\n\n<p>L&rsquo;attente est tr\u00e8s courte. Nous sommes appel\u00e9s dans la salle de r\u00e9union. Toute l&rsquo;\u00e9quipe est l\u00e0\u2026 On nous sourit et avec quelques r\u00e9serves, on nous explique la situation. J&rsquo;ai du mal \u00e0 tout suivre, l&rsquo;\u00e9motion\u2026 Mais oui, c&rsquo;est bien \u00e7a. Quelle surprise !!! C&rsquo;est oui ! L&rsquo;\u00e9quipe nous donne son feu vert et nous fait comprendre qu&rsquo;ils sont \u00e9tonn\u00e9s par les bilans tr\u00e8s pessimistes des h\u00f4pitaux parisiens\u2026 Selon eux, il n&rsquo;y a pas de risques majeurs pour ma sant\u00e9. Leur seule condition (et on la comprend) est que nous venions le temps de la grossesse vivre pr\u00e8s du CHU. Les tests g\u00e9n\u00e9tiques ne r\u00e9v\u00e8lent aucun risque particulier d&rsquo;h\u00e9r\u00e9dit\u00e9. Donc tout va bien !<\/p>\n\n\n\n<div class=\"wp-block-columns are-vertically-aligned-center is-layout-flex wp-container-core-columns-is-layout-3 wp-block-columns-is-layout-flex\">\n<div class=\"wp-block-column is-vertically-aligned-center is-layout-flow wp-block-column-is-layout-flow\">\n<figure class=\"wp-block-image size-full\"><img loading=\"lazy\" decoding=\"async\" width=\"483\" height=\"644\" src=\"https:\/\/www.arthrogrypose.fr\/p\/wp-content\/uploads\/2022\/04\/2012-Fanny-maman5.jpg\" alt=\"\" class=\"wp-image-1806\" srcset=\"https:\/\/www.arthrogrypose.fr\/p\/wp-content\/uploads\/2022\/04\/2012-Fanny-maman5.jpg 483w, https:\/\/www.arthrogrypose.fr\/p\/wp-content\/uploads\/2022\/04\/2012-Fanny-maman5-480x640.jpg 480w\" sizes=\"(min-width: 0px) and (max-width: 480px) 480px, (min-width: 481px) 483px, 100vw\" \/><\/figure>\n<\/div>\n\n\n\n<div class=\"wp-block-column is-vertically-aligned-center is-layout-flow wp-block-column-is-layout-flow\">\n<figure class=\"wp-block-image aligncenter size-full\"><img loading=\"lazy\" decoding=\"async\" width=\"643\" height=\"483\" src=\"https:\/\/www.arthrogrypose.fr\/p\/wp-content\/uploads\/2022\/04\/2012-Fanny-maman6.jpg\" alt=\"\" class=\"wp-image-1805\" srcset=\"https:\/\/www.arthrogrypose.fr\/p\/wp-content\/uploads\/2022\/04\/2012-Fanny-maman6.jpg 643w, https:\/\/www.arthrogrypose.fr\/p\/wp-content\/uploads\/2022\/04\/2012-Fanny-maman6-480x361.jpg 480w\" sizes=\"(min-width: 0px) and (max-width: 480px) 480px, (min-width: 481px) 643px, 100vw\" \/><\/figure>\n<\/div>\n\n\n\n<div class=\"wp-block-column is-vertically-aligned-center is-layout-flow wp-block-column-is-layout-flow\">\n<figure class=\"wp-block-image size-full\"><img loading=\"lazy\" decoding=\"async\" width=\"481\" height=\"642\" src=\"https:\/\/www.arthrogrypose.fr\/p\/wp-content\/uploads\/2022\/04\/2012-Fanny-maman4.jpg\" alt=\"\" class=\"wp-image-1807\" srcset=\"https:\/\/www.arthrogrypose.fr\/p\/wp-content\/uploads\/2022\/04\/2012-Fanny-maman4.jpg 481w, https:\/\/www.arthrogrypose.fr\/p\/wp-content\/uploads\/2022\/04\/2012-Fanny-maman4-225x300.jpg 225w\" sizes=\"(max-width: 481px) 100vw, 481px\" \/><\/figure>\n<\/div>\n<\/div>\n\n\n\n<p><\/p>\n\n\n\n<p>En quelques mois, nous quittons tout, trouvons une maison adapt\u00e9e (une chance !) pr\u00e8s de Grenoble. On emm\u00e9nage en septembre 2009 et le 1er avril (et ce n&rsquo;est pas un poisson), je suis enceinte. Depuis notre arriv\u00e9e, je suis suivie par la gyn\u00e9cologue obst\u00e9tricienne de la maternit\u00e9 de l&rsquo;h\u00f4pital Mme Equy. Encore une chance ! P\u00e9tillante, humaine, rassurante et m\u00eame comique, elle d\u00e9dramatise tellement la situation que je finis par \u00eatre compl\u00e8tement sereine. Il faut dire qu&rsquo;en f\u00e9vrier j&rsquo;ai subi un curetage (petite intervention) pour une fausse couche. Ce malheureux incident aura eu l&rsquo;avantage de me r\u00e9conforter par rapport \u00e0 la possibilit\u00e9 d&rsquo;\u00eatre anesth\u00e9si\u00e9e (en cas d&rsquo;h\u00e9morragie durant la grossesse, pour la c\u00e9sarienne, etc..). Mes veines \u00e9tant invisibles, on ne peut me piquer que dans le cou (carotides). De plus, je garde en m\u00e9moire les commentaires angoissants des anesth\u00e9sistes parisiens\u2026<\/p>\n\n\n\n<p>Depuis bien longtemps, je sais que j&rsquo;accoucherai par c\u00e9sarienne et sous anesth\u00e9sie g\u00e9n\u00e9rale. Autant pour d&rsquo;autres femmes cela peut \u00eatre dur \u00e0 dig\u00e9rer, autant pour moi c&rsquo;est comme une \u00e9vidence. J&rsquo;ai d\u00e9j\u00e0 une chance inou\u00efe de pouvoir avoir un enfant. Le reste m&rsquo;est \u00e9gal. La m\u00e9decine a fait des progr\u00e8s, j&rsquo;en profite. C&rsquo;est vrai, je ne le ou la verrai pas na\u00eetre. Mais je ne veux prendre aucun risque. On n&rsquo;a pas le droit. On met toutes les chances de notre c\u00f4t\u00e9. Ayant une arthrod\u00e8se au niveau de la colonne vert\u00e9brale, une p\u00e9ridurale est impossible et l\u00e0-dessus le Docteur, Mme Chirossel, mon anesth\u00e9siste est d\u00e9\u00e7ue (pour nous), mais formelle.<\/p>\n\n\n\n<p><strong>Ainsi, les 3 premiers mois passent<\/strong> et mon ventre s&rsquo;arrondit. J&rsquo;ai tous les maux qui accompagnent les grossesses en g\u00e9n\u00e9ral, mais ils n&rsquo;ont rien \u00e0 voir avec mon handicap. Je suis naus\u00e9euse du matin au soir, je ne peux rien avaler\u2026 Le 2\u00e8me trimestre, je nage dans le bonheur. Les naus\u00e9es se calment un peu. Et surtout, je sens b\u00e9b\u00e9 bouger. Notre petite fille pousse et mon ventre s&rsquo;arrondit. Je suis fi\u00e8re de le montrer, c&rsquo;est vrai. \u00catre enceinte et handicap\u00e9e vous imaginez \u00e0 quel point j&rsquo;\u00e9tais prioritaire aux caisses r\u00e9serv\u00e9es des supermarch\u00e9s ?! C&rsquo;est l&rsquo;\u00e9t\u00e9 et nous avons plein de visites de famille et amis. Ce seront les moments r\u00eav\u00e9s de ma grossesse.<\/p>\n\n\n\n<p><strong>A 7 mois \u00bd<\/strong>, je suis prise de violentes douleurs dans tout le bassin\u2026 je ne peux plus bouger un orteil. Ce sont, en fait, des douleurs ligamentaires qui me clouent au lit. Ces douleurs sont, heureusement, anodines pour la sant\u00e9 du b\u00e9b\u00e9 et de la maman. Mon mari est au petit soin. Depuis le d\u00e9but entre les naus\u00e9es et le reste, il est d&rsquo;un grand soutien. Mes parents aussi sont tr\u00e8s pr\u00e9sents. Habitants la R\u00e9gion Parisienne, ils sont venus vivre, sans h\u00e9siter, en Is\u00e8re aussi pour \u00eatre \u00e0 nos c\u00f4t\u00e9s. On ne saura jamais si ces douleurs ont \u00e9t\u00e9 accentu\u00e9es par ma position semi debout, \u00e0 cheval sur mon assise ou bien si le r\u00e9sultat aurait \u00e9t\u00e9 le m\u00eame sans handicap. Je resterai presque un mois et demi alit\u00e9e. Il faut tout bien organiser. Ne pouvant m&rsquo;asseoir, chaque trajet pour la maternit\u00e9 s&rsquo;effectue en ambulance.<\/p>\n\n\n\n<p>Peu \u00e0 peu les douleurs s&rsquo;estompent et au cours du 8\u00e8me mois, je peux rester presque 3h par jour dans mon fauteuil. Prendre mes 2 repas debout est un vrai bonheur. D\u00e9j\u00e0 que je dig\u00e8re tr\u00e8s mal, alors manger couch\u00e9e \u00e9tait encore pire. De plus, avec mon ventre devenu tr\u00e8s encombrant, pour m&rsquo;aider \u00e0 bien me ventiler et ne surtout pas manquer d&rsquo;oxyg\u00e8ne, je porte un masque toutes les nuits (une VNI) qui impulse l&rsquo;air ambiant afin d&rsquo;aider mon diaphragme \u00e0 faire son travail. Au d\u00e9but, j&rsquo;ai un peu de mal \u00e0 m&rsquo;y faire, mais ensuite, j&rsquo;ai du mal \u00e0 m&rsquo;en passer\u2026 Je sens b\u00e9b\u00e9 bouger et je sais que, bient\u00f4t, je d\u00e9couvrirai sa frimousse. On est impatient : moi, plus excit\u00e9e que stress\u00e9e, lui, tr\u00e8s angoiss\u00e9. Comment oublier tout ce que les premiers m\u00e9decins nous ont dit\u2026? Il ne peut s&#8217;emp\u00eacher d&rsquo;y penser.<\/p>\n\n\n\n<p><strong>A 5 semaines de la date pr\u00e9sum\u00e9e de la c\u00e9sarienne<\/strong>, j&rsquo;ai un rendez-vous par semaine avec la gyn\u00e9cologue. A chaque fois, la grande question est : faut-il programmer la c\u00e9sarienne dans les jours qui viennent ou bien peut-on encore retarder l&rsquo;\u00e9ch\u00e9ance ? \u00c9videmment le mieux \u00e9tant d&rsquo;attendre un maximum. On avait fix\u00e9 une date assez al\u00e9atoire quelques semaines avant le terme : le 13 d\u00e9cembre. Et j&rsquo;attendrai cette date pour accoucher. Je me rends compte que tout le personnel est agr\u00e9ablement surpris et rassur\u00e9. Rien ne laissait pourtant para\u00eetre leur inqui\u00e9tude sur ce point. Non, notre enfant ne na\u00eetra pas pr\u00e9matur\u00e9ment, seulement 3 semaines avant terme, comme pr\u00e9vu.<\/p>\n\n\n\n<div class=\"wp-block-columns is-layout-flex wp-container-core-columns-is-layout-4 wp-block-columns-is-layout-flex\">\n<div class=\"wp-block-column is-layout-flow wp-block-column-is-layout-flow\">\n<figure class=\"wp-block-image size-full\"><img loading=\"lazy\" decoding=\"async\" width=\"641\" height=\"479\" src=\"https:\/\/www.arthrogrypose.fr\/p\/wp-content\/uploads\/2022\/04\/2012-Fanny-maman1.jpg\" alt=\"\" class=\"wp-image-1810\" srcset=\"https:\/\/www.arthrogrypose.fr\/p\/wp-content\/uploads\/2022\/04\/2012-Fanny-maman1.jpg 641w, https:\/\/www.arthrogrypose.fr\/p\/wp-content\/uploads\/2022\/04\/2012-Fanny-maman1-480x359.jpg 480w\" sizes=\"(min-width: 0px) and (max-width: 480px) 480px, (min-width: 481px) 641px, 100vw\" \/><\/figure>\n<\/div>\n\n\n\n<div class=\"wp-block-column is-layout-flow wp-block-column-is-layout-flow\">\n<figure class=\"wp-block-image size-full\"><img loading=\"lazy\" decoding=\"async\" width=\"479\" height=\"358\" src=\"https:\/\/www.arthrogrypose.fr\/p\/wp-content\/uploads\/2022\/04\/2012-Fanny-maman3-e1649346816756.jpg\" alt=\"\" class=\"wp-image-1808\"\/><\/figure>\n<\/div>\n\n\n\n<div class=\"wp-block-column is-layout-flow wp-block-column-is-layout-flow\">\n<figure class=\"wp-block-image size-full\"><img loading=\"lazy\" decoding=\"async\" width=\"641\" height=\"479\" src=\"https:\/\/www.arthrogrypose.fr\/p\/wp-content\/uploads\/2022\/04\/2012-Fanny-maman2.jpg\" alt=\"\" class=\"wp-image-1809\" srcset=\"https:\/\/www.arthrogrypose.fr\/p\/wp-content\/uploads\/2022\/04\/2012-Fanny-maman2.jpg 641w, https:\/\/www.arthrogrypose.fr\/p\/wp-content\/uploads\/2022\/04\/2012-Fanny-maman2-480x359.jpg 480w\" sizes=\"(min-width: 0px) and (max-width: 480px) 480px, (min-width: 481px) 641px, 100vw\" \/><\/figure>\n<\/div>\n<\/div>\n\n\n\n<p><\/p>\n\n\n\n<p><strong>Le 12 d\u00e9cembre<\/strong>, l&rsquo;ambulance nous d\u00e9pose \u00e0 la maternit\u00e9. Mon mari peut rester avec moi toute la semaine jour et nuit. Tout est pr\u00e9vu depuis longtemps. Je dois subir une prise de sang obligatoire pour l&rsquo;intervention du lendemain. Mais l\u00e0, impossible. L&rsquo;infirmi\u00e8re ne trouve aucune veine dans ma jambe. Une anesth\u00e9siste passera dans la soir\u00e9e, mais elle me piquera pour rien. Mes jambes font un peu d&rsquo;\u0153d\u00e8me (une chance quelque part, car ce sera la seule fois). Il faudra donc attendre le lendemain matin pour faire cet examen. La nuit semble longue et interminable. Tout se bouscule dans nos t\u00eates. Demain \u00e0 la m\u00eame heure on aura notre b\u00e9b\u00e9 avec nous. C&rsquo;est incroyable et inimaginable\u2026<\/p>\n\n\n\n<p><strong>Lundi 13, la c\u00e9sarienne se passe<\/strong> bien. L&rsquo;anesth\u00e9siste doit s&rsquo;y prendre \u00e0 plusieurs reprises pour trouver un endroit valable dans mes carotides, mais avec douceur et pers\u00e9v\u00e9rance, elle y parvient. Les r\u00e9sultats de l&rsquo;examen sanguin (normalement fait la veille) sont longs, tr\u00e8s longs \u00e0 arriver\u2026 Et \u00e0 l&rsquo;heure o\u00f9 tout aurait d\u00fb \u00eatre finit, je rentre enfin au bloc op\u00e9ratoire. On me dit de compter 1, 2, 3,\u2026. Plus rien\u2026 Je dors.<\/p>\n\n\n\n<p>Tout \u00e0 coup, j&rsquo;\u00e9merge de \u00ab\u00a0je-ne-sais-o\u00f9\u00a0\u00bb, j&rsquo;entends au loin la voix du Docteur Chirossel (anesth\u00e9siste) qui me dit \u00ab\u00a0respirer Fanny, allez, respirer !\u00a0\u00bb, mais non, je n&rsquo;y arrive pas, je panique, la cage thoracique ne bouge pas, elle est si lourde. Je dois lui dire, j&rsquo;essaie, elle ne m&rsquo;entend pas, j&rsquo;ai peur. Suis-je morte\u2026? Mon b\u00e9b\u00e9, je ne l&rsquo;ai m\u00eame pas encore vu.. De nouveau, plus rien\u2026 Et puis, un cri au loin, de plus en plus fort, une peau douce, si douce\u2026 J&rsquo;ouvre les yeux. Elle est l\u00e0. Ma ch\u00e9rie est contre ma joue.<\/p>\n\n\n\n<p>Elle m&rsquo;a r\u00e9veill\u00e9. Je ne comprends rien, mais j&rsquo;ai des larmes de joie. Ils sont l\u00e0, mon homme et mon b\u00e9b\u00e9. Je suis toujours au bloc. Je me rendors\u2026 encore\u2026 En tout, j&rsquo;aurai \u00e9t\u00e9 endormie plus de trois heures. En fait, comme on me l&rsquo;expliquera plus tard, j&rsquo;ai fait une r\u00e9action \u00e0 l&rsquo;un des produits anesth\u00e9siant : le curare. Alors, apr\u00e8s un r\u00e9veil rat\u00e9, ils ont d\u00fb me maintenir endormie jusqu&rsquo;\u00e0 son \u00e9vacuation totale. Le curare est ce qui paralyse le corps, il agit sur les muscles etc. Est-ce que cette r\u00e9action est due \u00e0 l&rsquo;arthrogrypose ? C&rsquo;est une question que l&rsquo;anesth\u00e9siste s&rsquo;est pos\u00e9e. En tous cas, m\u00eame si j&rsquo;ai eu une belle frayeur, jamais ma vie n&rsquo;a \u00e9t\u00e9 en danger. Tout \u00e9tait sous contr\u00f4le.<\/p>\n\n\n\n<p><strong>A la maternit\u00e9<\/strong>, nous avons une chambre enti\u00e8rement adapt\u00e9e spacieuse avec douche au sol et une table \u00e0 langer-baignoire r\u00e9glable en hauteur \u00e9lectriquement (dont je n&rsquo;aurai pas l&rsquo;usage car je resterai alit\u00e9e). Tout le personnel est extr\u00eamement gentil, \u00e0 mon \u00e9coute et cherche toutes les solutions possibles pour l&rsquo;allaitement. Ce sera encore une \u00e9preuve. Une bataille qu&rsquo;\u00c9lora, le papa et moi-m\u00eame gagnerons ensemble, gr\u00e2ce \u00e0 des sages-femmes et des auxiliaires pu\u00e9ricultrices patientes, encourageantes et pers\u00e9v\u00e9rantes. Merci \u00e0 \u00ab\u00a0eux\u00a0\u00bb (oui \u00ab\u00a0eux\u00a0\u00bb car nous avons eu un homme \u00ab\u00a0sage-femme\u00a0\u00bb)<\/p>\n\n\n\n<p>A partir de ce moment l\u00e0, ma vie a chang\u00e9\u2026! \u00c9lora est n\u00e9e et une nouvelle aventure a commenc\u00e9\u2026.<\/p>\n\n\n\n<p>Je ne pourrai jamais assez remercier le Professeur Jouk, G\u00e9n\u00e9ticien et \u00e0 la t\u00eate du Centre de R\u00e9f\u00e9rence des Arthrogrypose, pour son humanisme et sa grande d\u00e9licatesse, le Docteur Gipsy Lopez, Conseill\u00e8re en G\u00e9n\u00e9tique qui est toujours \u00e0 l&rsquo;\u00e9coute m\u00eame quand on appelle plusieurs fois pour conna\u00eetre des r\u00e9sultats, le Docteur V\u00e9ronique Equy, Gyn\u00e9cologue Obst\u00e9tricienne pour son optimisme, son humour et sa vitalit\u00e9 et le Docteur Chirossel, Anesth\u00e9siste sans qui tout cela n&rsquo;aurait pu \u00eatre possible. Je leur dois, nous leur devons le plus grand bonheur de notre vie : \u00c9lora !<\/p>\n\n\n\n<p class=\"has-text-align-right noJustify\"><em>Fanny et Ludovic<br>gazette 6 de 2012<\/em><\/p>\n<\/div>\n<\/div>\n\n\n\n<div class=\"wp-block-group cestPossible cestPossible0 is-layout-flow wp-block-group-is-layout-flow\">\n<h2 class=\"wp-block-heading cestPossible cestPossible0\" id=\"histoire-2\">Dimanche : Repousser les limites<\/h2>\n\n\n\n<div class=\"wp-block-group is-layout-flow wp-block-group-is-layout-flow\">\n<p>Comment me pr\u00e9senter et que dire&nbsp;? Je suppose que si j\u2019\u00e9cris ici, c\u2019est que je dois partager, avec un certain nombre d\u2019entre vous, une caract\u00e9ristique physique\u2026 A vrai dire, je pense que nous partageons tous ces m\u00eames caract\u00e9ristiques\u2026 mais modifi\u00e9es.<\/p>\n\n\n\n<p>Cela fait 33 ans que je suis \u00e9tiquet\u00e9 \u00ab&nbsp;atteint d\u2019arthrogrypose&nbsp;\u00bb. En cela, nous ne sommes que peu \u00e0 partager ce label. Grand bien nous en fasse. Si nous avions eu le besoin de nous sentir diff\u00e9rents, cela nous a permis d\u2019y \u00eatre automatiquement, sans en avoir eu le choix ni m\u00eame l\u2019envie.<\/p>\n\n\n\n<p>J\u2019ai la \u00ab&nbsp;chance&nbsp;\u00bb (En est-ce vraiment&nbsp;?) de n\u2019\u00eatre \u00ab&nbsp;atteint&nbsp;\u00bb d\u2019arthrogrypose qu\u2019aux bras&nbsp;: \u00e9paules, coudes, poignets. Il m\u2019a toujours fallu surmonter des obstacles, les contourner,&nbsp;voire me moquer d\u2019eux : pour se laver les cheveux, faire une touche au football, se faire une queue de cheval (car j\u2019ai eu les cheveux longs), taper un texte \u00e0 l\u2019ordinateur, etc. Je me suis m\u00eame surpris \u00e0 me diriger vers la difficult\u00e9, encore pour me moquer d\u2019elle&nbsp;: je joue de la guitare, j\u2019ai pratiqu\u00e9 le Kendo (escrime japonais), le tennis de table et je joue aujourd\u2019hui au baseball. Ou l\u2019art d\u2019utiliser un membre d\u00e9faillant&nbsp;!<\/p>\n\n\n\n<p>Depuis mon plus jeune \u00e2ge et jusqu\u2019\u00e0 19 ans, j\u2019ai suivi des s\u00e9ances de kin\u00e9, \u00e0 raison de deux fois trente minutes par semaine. Pas de probl\u00e8me jusqu\u2019\u00e0 l\u2019adolescence. D\u00e8s lors et jusqu\u2019\u00e0 la fin, ces s\u00e9ances repr\u00e9sentaient un emp\u00eachement de faire autre chose de plus \u00ab&nbsp;fun&nbsp;\u00bb avec les copains. Ironie du sort, c\u2019est pendant ces s\u00e9ances qu\u2019est n\u00e9 un int\u00e9r\u00eat particulier&nbsp;: celui d\u2019aider les autres, notamment les personnes en situation de handicap (donc potentiellement moi-m\u00eame), camarades de torture hebdomadaire. Avec le temps, cet int\u00e9r\u00eat s\u2019est transform\u00e9 en passion puis en profession. Et donc, en 2012, apr\u00e8s des ann\u00e9es de b\u00e9n\u00e9volat dans le domaine social, j\u2019ai d\u00e9croch\u00e9 mon Bachelor en \u00c9ducation Sociale.<\/p>\n\n\n\n<figure class=\"wp-block-image aligncenter size-full max-width-33pc noJustify\"><img loading=\"lazy\" decoding=\"async\" width=\"691\" height=\"518\" src=\"https:\/\/www.arthrogrypose.fr\/p\/wp-content\/uploads\/2022\/04\/2016-Mederic-Bienne.jpg\" alt=\"\" class=\"wp-image-1822\" srcset=\"https:\/\/www.arthrogrypose.fr\/p\/wp-content\/uploads\/2022\/04\/2016-Mederic-Bienne.jpg 691w, https:\/\/www.arthrogrypose.fr\/p\/wp-content\/uploads\/2022\/04\/2016-Mederic-Bienne-480x360.jpg 480w\" sizes=\"(min-width: 0px) and (max-width: 480px) 480px, (min-width: 481px) 691px, 100vw\" \/><figcaption class=\"wp-element-caption\">Bienne en Suisse<\/figcaption><\/figure>\n\n\n\n<p>Aujourd\u2019hui, je suis un homme mari\u00e9 et globalement heureux. Je le serai davantage en partageant, \u00e9changeant avec les personnes qui ont la m\u00eame \u00e9tiquette que moi, et avec les autres aussi\u2026<\/p>\n\n\n\n<p class=\"has-text-align-right\"><em>M\u00e9d\u00e9ric<br>gazette 15 de 2016<\/em><\/p>\n<\/div>\n<\/div>\n\n\n\n<script type=\"text\/javascript\">\n\n        var day = new Date().getDay(); \/\/ jour de la semaine, de 0 \u00e0 6\n        if (navigator.userAgent.toLowerCase().indexOf('google') != -1) { day='' ; } \/\/ pour google, on affiche tout\n        console.log( \" DAY = \", day )\n        document.querySelectorAll('div.entry-content div.wp-block-group.cestPossible'+day).forEach(e => { e.style.display='block';});\n\n\n\n<\/script>\n\n\n\n<p><\/p>\n\n\n\n<p><\/p>\n","protected":false},"excerpt":{"rendered":"<p>L&rsquo;association r\u00e9colte et publie depuis 2007 de nombreux t\u00e9moignages relatifs \u00e0 l&rsquo;Arthrogrypose, principalement sur l&rsquo;espace membre, r\u00e9serv\u00e9 aux adh\u00e9rents. Cependant, des t\u00e9moignages et photos illustrent les diff\u00e9rents articles de ce site public. Quelques photos extraites de notre film ! Cliquer pour faire d\u00e9filer les photos en grand Documentaire : Vivre avec l&rsquo;arthrogrypose (2015) Retrouvez certains [&hellip;]<\/p>\n","protected":false},"author":4,"featured_media":0,"parent":0,"menu_order":0,"comment_status":"closed","ping_status":"closed","template":"","meta":{"_et_pb_use_builder":"off","_et_pb_old_content":"","_et_gb_content_width":"","inline_featured_image":false,"footnotes":""},"class_list":["post-1172","page","type-page","status-publish","hentry"],"_links":{"self":[{"href":"https:\/\/www.arthrogrypose.fr\/p\/wp-json\/wp\/v2\/pages\/1172","targetHints":{"allow":["GET"]}}],"collection":[{"href":"https:\/\/www.arthrogrypose.fr\/p\/wp-json\/wp\/v2\/pages"}],"about":[{"href":"https:\/\/www.arthrogrypose.fr\/p\/wp-json\/wp\/v2\/types\/page"}],"author":[{"embeddable":true,"href":"https:\/\/www.arthrogrypose.fr\/p\/wp-json\/wp\/v2\/users\/4"}],"replies":[{"embeddable":true,"href":"https:\/\/www.arthrogrypose.fr\/p\/wp-json\/wp\/v2\/comments?post=1172"}],"version-history":[{"count":20,"href":"https:\/\/www.arthrogrypose.fr\/p\/wp-json\/wp\/v2\/pages\/1172\/revisions"}],"predecessor-version":[{"id":2761,"href":"https:\/\/www.arthrogrypose.fr\/p\/wp-json\/wp\/v2\/pages\/1172\/revisions\/2761"}],"wp:attachment":[{"href":"https:\/\/www.arthrogrypose.fr\/p\/wp-json\/wp\/v2\/media?parent=1172"}],"curies":[{"name":"wp","href":"https:\/\/api.w.org\/{rel}","templated":true}]}}